{"id":18316,"date":"2024-04-04T10:22:52","date_gmt":"2024-04-04T08:22:52","guid":{"rendered":"https:\/\/tierschutz.com\/?post_type=exhibit&#038;p=18316"},"modified":"2024-04-04T13:02:42","modified_gmt":"2024-04-04T11:02:42","slug":"selections-delevage-franches-montagnes","status":"publish","type":"exhibit","link":"https:\/\/sts-psa.ch\/fr\/exhibit\/selections-delevage-franches-montagnes\/","title":{"rendered":"S\u00e9lections d\u2019\u00e9levage franches-montagnes"},"content":{"rendered":"\n<div class=\"wp-block-cover alignfull\"><span aria-hidden=\"true\" class=\"wp-block-cover__background has-black-background-color has-background-dim-20 has-background-dim\"><\/span><img loading=\"lazy\" decoding=\"async\" width=\"2362\" height=\"1770\" src=\"https:\/\/sts-psa.ch\/app\/uploads\/2024\/04\/freiberger-zuchtselektionen.jpg\" class=\"wp-block-cover__image-background wp-post-image\" alt=\"\" data-object-fit=\"cover\" data-object-position=\"55% 42%\" style=\"object-position:55% 42%;\" srcset=\"https:\/\/sts-psa.ch\/app\/uploads\/2024\/04\/freiberger-zuchtselektionen.jpg 2362w, https:\/\/sts-psa.ch\/app\/uploads\/2024\/04\/freiberger-zuchtselektionen-300x225.jpg 300w, https:\/\/sts-psa.ch\/app\/uploads\/2024\/04\/freiberger-zuchtselektionen-1024x767.jpg 1024w, https:\/\/sts-psa.ch\/app\/uploads\/2024\/04\/freiberger-zuchtselektionen-768x576.jpg 768w, https:\/\/sts-psa.ch\/app\/uploads\/2024\/04\/freiberger-zuchtselektionen-1536x1151.jpg 1536w, https:\/\/sts-psa.ch\/app\/uploads\/2024\/04\/freiberger-zuchtselektionen-2048x1535.jpg 2048w\" sizes=\"auto, (max-width: 2362px) 100vw, 2362px\" \/><div class=\"wp-block-cover__inner-container is-layout-flow wp-block-cover-is-layout-flow\">\n<h2 class=\"wp-block-heading has-text-align-center has-background-color has-text-color\"><\/h2>\n<\/div><\/div>\n\n\n\n<div class=\"wp-block-group alignfull has-background-background-color has-background is-layout-constrained wp-block-group-is-layout-constrained\">\n<h1 class=\"wp-block-heading has-text-align-center\"><strong>S\u00e9lections d\u2019\u00e9levage franches-montagnes<\/strong><\/h1>\n\n\n\n<hr class=\"wp-block-separator has-text-color has-primary-color has-alpha-channel-opacity has-primary-background-color has-background\"\/>\n\n\n\n<h3 class=\"wp-block-heading has-text-align-center\">Sous la responsabilit\u00e9 de la F\u00e9d\u00e9ration suisse du franches-montagnes FSFM<\/h3>\n\n\n\n<div class=\"wp-block-group is-content-justification-center is-layout-constrained wp-container-core-group-is-layout-84a809c4 wp-block-group-is-layout-constrained\">\n<div class=\"wp-block-group is-content-justification-space-between is-nowrap is-layout-flex wp-container-core-group-is-layout-cb46ffcb wp-block-group-is-layout-flex\">\n<p><mark style=\"background-color:rgba(0, 0, 0, 0)\" class=\"has-inline-color has-secondary-color\"><strong>Approbation: Glovelier, 14 janvier 2023<br>Test en station: 23 janvier \u2013 4 mars 2023<br>Test en terrain: Saignel\u00e9gier, 29 avril 2023; Fehraltorf, 23 juin 2023<\/strong><\/mark><\/p>\n\n\n<div class=\"taxonomy-category has-text-color has-secondary-color has-background has-background-background-color wp-block-post-terms\"><\/div><\/div>\n\n\n\n<h3 class=\"wp-block-heading\"><strong>G\u00e9n\u00e9ralit\u00e9s<\/strong><\/h3>\n\n\n\n<p>Derni\u00e8re race chevaline indig\u00e8ne, le cheval des Franches-Montagnes b\u00e9n\u00e9ficie d\u2019un soutien particulier de la Conf\u00e9d\u00e9ration. Pourtant, le nombre de naissances n\u2019a cess\u00e9 de diminuer ces derni\u00e8res ann\u00e9es, bien que le cercle d\u2019amis du franches-montagnes ne cesse de s\u2019\u00e9largir de l\u2019autre c\u00f4t\u00e9 de la fronti\u00e8re. L\u2019attachement des partisans des franches-montagnes \u00e0 leur race est impressionnant \u00e0 chaque manifestation: l\u2019identification est visible de loin sur les vestes, les T-shirts et les casquettes. Selon Identitas, plus de 2000 naissances de poulains ont \u00e9t\u00e9 recens\u00e9es en 2016 et un peu plus de 1500 poulains franches-montagnes sont n\u00e9s cette ann\u00e9e. Du point de vue de la protection des animaux, ce recul est \u00e0 saluer: la production de poulains de boucherie, favoris\u00e9e depuis des d\u00e9cennies, a ainsi \u00e9t\u00e9 massivement r\u00e9duite. Aujourd\u2019hui, la F\u00e9d\u00e9ration suisse du franches-montagnes est confront\u00e9e \u00e0 d\u2019autres probl\u00e8mes. Les prix records obtenus lors des ventes aux ench\u00e8res ont \u00e9t\u00e9 attribu\u00e9s \u00e0 des poulains qui ne correspondaient pas aux objectifs d\u2019\u00e9levage proprement dits, \u00e0 savoir \u00abun cheval bai, noir ou alezan avec le moins de marques blanches possible\u00bb. Les poulains avec des robes panach\u00e9es ou grises ont \u00e9t\u00e9 r\u00e9compens\u00e9s par de bons prix. De m\u00eame, la hauteur au garrot donne toujours lieu \u00e0 des discussions, car les cavali\u00e8res et les cavaliers deviennent de plus en plus grands et recherchent des chevaux de plus grande taille pour maintenir un rapport poids humain\/cheval acceptable.<strong>&nbsp;<\/strong><\/p>\n\n\n\n<h3 class=\"wp-block-heading\"><strong>Approbation des \u00e9talons. Test en station et test en terrain<\/strong><\/h3>\n\n\n\n<p>Pour la Protection Suisse des Animaux PSA, ni la couleur ni la taille ne sont des sujets de pr\u00e9occupation. La s\u00e9lection des \u00e9talons et les tests en terrain pour les franches-montagnes de 3 ans n\u00e9cessitent une adaptation imm\u00e9diate du point de vue de la protection des animaux. La s\u00e9lection des \u00e9talons d\u00e8s la deuxi\u00e8me semaine de janvier est trop pr\u00e9coce, les candidats \u00e0 l\u2019approbation n\u2019ayant pas encore 3 ans \u00e0 ce moment-l\u00e0. Ce qui est funeste pour ces jeunes animaux, c\u2019est qu\u2019ils sont soumis, juste apr\u00e8s leur approbation, \u00e0 un test en station de 40 jours avec examen final au Haras national. Lorsque l\u2019on voit des chevaux de moins de trois ans attel\u00e9 avec un mors attach\u00e9 bas, on ne peut s\u2019emp\u00eacher de se demander combien de temps les candidats \u00e0 l\u2019approbation ont \u00e9t\u00e9 travaill\u00e9s avant la s\u00e9lection. Combien plus respectueuses des chevaux sont les s\u00e9lections d\u2019\u00e9talons \u00e0 l\u2019\u00e9tranger, en comparaison! En Allemagne, des races similaires sont soumises \u00e0 des \u00e9preuves de s\u00e9lection au printemps avec \u00e9valuation de la morphologie ainsi que des \u00e9preuves de saut en libert\u00e9. L\u2019examen de performance des \u00e9talons proprement dit n\u2019est ensuite programm\u00e9 qu\u2019en automne. Les tests portent alors sur le saut en libert\u00e9, l\u2019aptitude \u00e0 l\u2019\u00e9quitation et le saut sous la selle, ainsi que sur un test d\u2019aptitude \u00e0 l\u2019attelage avec allongement des foul\u00e9es au trot.<\/p>\n\n\n\n<p>Les tests en terrain sont souvent organis\u00e9s trop t\u00f4t dans l\u2019ann\u00e9e. Seule l\u2019ann\u00e9e de naissance compte pour la participation: un cheval est \u00e2g\u00e9 de trois ans \u00e0 partir du 1er janvier, qu\u2019il soit n\u00e9 t\u00f4t ou tard dans l\u2019ann\u00e9e. Le fait que les bons r\u00e9sultats des tests en terrain favorisent la vente est \u00e9galement un inconv\u00e9nient pour les jeunes chevaux: il faut mettre la main au porte-monnaie pour les \u00abvainqueurs des tests en terrain\u00bb. Le v\u00e9ritable objectif du test en terrain serait toutefois d\u2019obtenir des donn\u00e9es objectives sur les caract\u00e8res inn\u00e9s pour pouvoir estimer la valeur d\u2019\u00e9levage. Mais finalement, pour \u00eatre plac\u00e9s en t\u00eate, les candidats au test en terrain sont d\u2019abord pr\u00e9par\u00e9s en cons\u00e9quence, ce qui conduit en fait \u00e0 des r\u00e9sultats erron\u00e9s.<\/p>\n\n\n\n<p>Les informations transmises \u00e0 la Protection Suisse des Animaux PSA concernant des incidents contraires \u00e0 la protection des animaux lors de tests en terrain ainsi que nos propres observations exigent que cet instrument d\u2019\u00e9levage se d\u00e9roule de mani\u00e8re plus respectueuse des chevaux. Il est indispensable d\u2019adapter le test d\u2019attelage \u00e0 l\u2019\u00e2ge des jeunes chevaux franches-montagnes. Comment un cheval de moins de trois ans peut-il montrer un trot \u00aballong\u00e9\u00bb ou \u00abrassembl\u00e9\u00bb attel\u00e9 \u00e0 une voiture occup\u00e9e par deux personnes? \u00c0 Fehraltorf, il n\u2019y a eu qu\u2019un seul attelage avec seulement le meneur. Il s\u2019agit de comp\u00e9tences qui ne sont pas inn\u00e9es et qui ne peuvent \u00eatre obtenues qu\u2019apr\u00e8s une longue formation. Le rassembler vient en derni\u00e8re position dans \u00abl\u2019\u00e9chelle de la formation\u00bb, apr\u00e8s la cadence, la d\u00e9contraction, le contact \u00e0 la r\u00eane, l\u2019impulsion et la rectitude. Comme pour les jeunes \u00e9talons \u00e0 Avenches, il \u00e9tait courant de brider les jeunes chevaux avec un mors d\u2019attelage lors du test en terrain de Fehraltorf. \u00c0 Fehraltorf, un meneur a tout de m\u00eame opt\u00e9 pour un mors Liverpool au r\u00e9glage \u00abdoux\u00bb, en attachant les guides directement \u00e0 l\u2019anneau de mors. Il est incompr\u00e9hensible que le juge se soit excus\u00e9 aupr\u00e8s d\u2019un meneur pour une note insuffisante parce que le cheval avait fait plusieurs sauts-de-mouton, \u00e0 l\u2019arr\u00eat comme lors du salut final. De telles d\u00e9sob\u00e9issances sont bien l\u2019expression d\u2019un surmenage. Au moins, \u00e0 Fehraltorf, le cheval n\u2019a pas \u00e9t\u00e9 corrig\u00e9 comme \u00e0 Saignel\u00e9gier o\u00f9, une jeune jument r\u00e9ticente a subi de mani\u00e8re assidue la cravache de dressage de sa cavali\u00e8re. Et personne n\u2019est intervenu.<\/p>\n\n\n\n<h3 class=\"wp-block-heading\"><strong>Conclusion<\/strong><\/h3>\n\n\n\n<p>Du point de vue de la Protection Suisse des Animaux PSA, les d\u00e9lais fix\u00e9s t\u00f4t, les t\u00e2ches parfois exig\u00e9es et l\u2019harnachement utilis\u00e9 ne sont pas acceptables. En ce qui concerne l\u2019utilisation des mors, il convient que le cheval ait appris le \u00abfonctionnement du mors\u00bb, ce qui ne peut pas encore \u00eatre le cas pour des chevaux qui ont \u00e0 peine trois ans. Des m\u00e9thodes d\u2019\u00e9levage s\u00e9rieuses, telles que le test en terrain, sont sans aucun doute favorables \u00e0 une strat\u00e9gie d\u2019\u00e9levage clairvoyante visant \u00e0 maintenir une race en bonne sant\u00e9 et au comportement agr\u00e9able. Mais l\u2019utilisation de chevaux de moins de 36 mois est trop pr\u00e9coce et donc \u00e0 rejeter. D\u2019autant plus que le niveau exig\u00e9 ne peut \u00eatre atteint par un cheval qu\u2019apr\u00e8s des ann\u00e9es de formation. Il serait en outre plus respectueux des chevaux de fixer les limites d\u2019\u00e2ge en mois et non en ann\u00e9es de naissance. Si la F\u00e9d\u00e9ration suisse du franches-montagnes veut conserver sa \u00abSocial Licence to operate\u00bb, elle doit \u00e9laborer un programme d\u2019\u00e9levage adapt\u00e9 \u00e0 l\u2019\u00e2ge des chevaux.<\/p>\n<\/div>\n<\/div>\n","protected":false},"excerpt":{"rendered":"<p>Derni\u00e8re race chevaline indig\u00e8ne, le cheval des Franches-Montagnes b\u00e9n\u00e9ficie d\u2019un soutien particulier de la Conf\u00e9d\u00e9ration. Pourtant, le nombre de naissances n\u2019a cess\u00e9 de diminuer ces derni\u00e8res ann\u00e9es, bien que le cercle d\u2019amis du franches-montagnes ne cesse de s\u2019\u00e9largir de l\u2019autre c\u00f4t\u00e9 de la fronti\u00e8re. <\/p>\n","protected":false},"featured_media":18280,"template":"","meta":{"_acf_changed":false,"inline_featured_image":false,"_vp_format_video_url":"","_vp_image_focal_point":[],"footnotes":""},"exhibit-category":[277],"exhibit-tag":[],"class_list":["post-18316","exhibit","type-exhibit","status-publish","has-post-thumbnail","hentry","exhibit-category-manifestations-equestres"],"acf":[],"yoast_head":"<!-- This site is optimized with the Yoast SEO Premium plugin v27.4 (Yoast SEO v27.4) - https:\/\/yoast.com\/product\/yoast-seo-premium-wordpress\/ -->\n<title>Manifestations \u00e9questres S\u00e9lections d\u2019\u00e9levage franches-montagnes - Schweizer Tierschutz STS<\/title>\n<meta name=\"description\" content=\"Der Schweizer Tierschutz STS setzt sich f\u00fcr transparente Berichte und Reports ein. Erfahren Sie hier mehr.\" \/>\n<meta name=\"robots\" content=\"index, follow, max-snippet:-1, max-image-preview:large, max-video-preview:-1\" \/>\n<link rel=\"canonical\" href=\"https:\/\/sts-psa.ch\/fr\/exhibit\/selections-delevage-franches-montagnes\/\" \/>\n<meta property=\"og:locale\" content=\"fr_FR\" \/>\n<meta property=\"og:type\" content=\"article\" \/>\n<meta property=\"og:title\" content=\"S\u00e9lections d\u2019\u00e9levage franches-montagnes\" \/>\n<meta property=\"og:description\" content=\"Der Schweizer Tierschutz STS setzt sich f\u00fcr transparente Berichte und Reports ein. Erfahren Sie hier mehr.\" \/>\n<meta property=\"og:url\" content=\"https:\/\/sts-psa.ch\/fr\/exhibit\/selections-delevage-franches-montagnes\/\" \/>\n<meta property=\"og:site_name\" content=\"Protection Suisse des Animaux PSA\" \/>\n<meta property=\"article:publisher\" content=\"https:\/\/www.facebook.com\/schweizertierschutz\/\" \/>\n<meta property=\"article:modified_time\" content=\"2024-04-04T11:02:42+00:00\" \/>\n<meta property=\"og:image\" content=\"https:\/\/tierschutz.com\/app\/uploads\/2024\/04\/freiberger-zuchtselektionen.jpg\" \/>\n\t<meta property=\"og:image:width\" content=\"2362\" \/>\n\t<meta property=\"og:image:height\" content=\"1770\" \/>\n\t<meta property=\"og:image:type\" content=\"image\/jpeg\" \/>\n<meta name=\"twitter:card\" content=\"summary_large_image\" \/>\n<meta name=\"twitter:label1\" content=\"Dur\u00e9e de lecture estim\u00e9e\" \/>\n\t<meta name=\"twitter:data1\" content=\"7 minutes\" \/>\n<script type=\"application\/ld+json\" class=\"yoast-schema-graph\">{\"@context\":\"https:\\\/\\\/schema.org\",\"@graph\":[{\"@type\":\"WebPage\",\"@id\":\"https:\\\/\\\/sts-psa.ch\\\/fr\\\/exhibit\\\/selections-delevage-franches-montagnes\\\/\",\"url\":\"https:\\\/\\\/sts-psa.ch\\\/fr\\\/exhibit\\\/selections-delevage-franches-montagnes\\\/\",\"name\":\"Manifestations \u00e9questres S\u00e9lections d\u2019\u00e9levage franches-montagnes - Schweizer Tierschutz STS\",\"isPartOf\":{\"@id\":\"https:\\\/\\\/tierschutz.com\\\/it\\\/#website\"},\"primaryImageOfPage\":{\"@id\":\"https:\\\/\\\/sts-psa.ch\\\/fr\\\/exhibit\\\/selections-delevage-franches-montagnes\\\/#primaryimage\"},\"image\":{\"@id\":\"https:\\\/\\\/sts-psa.ch\\\/fr\\\/exhibit\\\/selections-delevage-franches-montagnes\\\/#primaryimage\"},\"thumbnailUrl\":\"https:\\\/\\\/sts-psa.ch\\\/app\\\/uploads\\\/2024\\\/04\\\/freiberger-zuchtselektionen.jpg\",\"datePublished\":\"2024-04-04T08:22:52+00:00\",\"dateModified\":\"2024-04-04T11:02:42+00:00\",\"description\":\"Der Schweizer Tierschutz STS setzt sich f\u00fcr transparente Berichte und Reports ein. Erfahren Sie hier mehr.\",\"breadcrumb\":{\"@id\":\"https:\\\/\\\/sts-psa.ch\\\/fr\\\/exhibit\\\/selections-delevage-franches-montagnes\\\/#breadcrumb\"},\"inLanguage\":\"fr-FR\",\"potentialAction\":[{\"@type\":\"ReadAction\",\"target\":[\"https:\\\/\\\/sts-psa.ch\\\/fr\\\/exhibit\\\/selections-delevage-franches-montagnes\\\/\"]}]},{\"@type\":\"ImageObject\",\"inLanguage\":\"fr-FR\",\"@id\":\"https:\\\/\\\/sts-psa.ch\\\/fr\\\/exhibit\\\/selections-delevage-franches-montagnes\\\/#primaryimage\",\"url\":\"https:\\\/\\\/sts-psa.ch\\\/app\\\/uploads\\\/2024\\\/04\\\/freiberger-zuchtselektionen.jpg\",\"contentUrl\":\"https:\\\/\\\/sts-psa.ch\\\/app\\\/uploads\\\/2024\\\/04\\\/freiberger-zuchtselektionen.jpg\",\"width\":2362,\"height\":1770},{\"@type\":\"BreadcrumbList\",\"@id\":\"https:\\\/\\\/sts-psa.ch\\\/fr\\\/exhibit\\\/selections-delevage-franches-montagnes\\\/#breadcrumb\",\"itemListElement\":[{\"@type\":\"ListItem\",\"position\":1,\"name\":\"Page d\u2019accueil\",\"item\":\"https:\\\/\\\/mail.swiss-animal-protection.ch\\\/fr\\\/\"},{\"@type\":\"ListItem\",\"position\":2,\"name\":\"Berichte\",\"item\":\"https:\\\/\\\/sts-psa.ch\\\/fr\\\/exhibit\\\/\"},{\"@type\":\"ListItem\",\"position\":3,\"name\":\"S\u00e9lections d\u2019\u00e9levage franches-montagnes\"}]},{\"@type\":\"WebSite\",\"@id\":\"https:\\\/\\\/tierschutz.com\\\/it\\\/#website\",\"url\":\"https:\\\/\\\/tierschutz.com\\\/it\\\/\",\"name\":\"tierschutz.com\",\"description\":\"Wir setzen uns f\u00fcr das Wohl der Tiere ein.\",\"publisher\":{\"@id\":\"https:\\\/\\\/tierschutz.com\\\/it\\\/#organization\"},\"alternateName\":\"Schweizer Tierschutz STS\",\"potentialAction\":[{\"@type\":\"SearchAction\",\"target\":{\"@type\":\"EntryPoint\",\"urlTemplate\":\"https:\\\/\\\/tierschutz.com\\\/it\\\/?s={search_term_string}\"},\"query-input\":{\"@type\":\"PropertyValueSpecification\",\"valueRequired\":true,\"valueName\":\"search_term_string\"}}],\"inLanguage\":\"fr-FR\"},{\"@type\":\"Organization\",\"@id\":\"https:\\\/\\\/tierschutz.com\\\/it\\\/#organization\",\"name\":\"Schweizer Tierschutz STS\",\"alternateName\":\"STS\",\"url\":\"https:\\\/\\\/tierschutz.com\\\/it\\\/\",\"logo\":{\"@type\":\"ImageObject\",\"inLanguage\":\"fr-FR\",\"@id\":\"https:\\\/\\\/tierschutz.com\\\/it\\\/#\\\/schema\\\/logo\\\/image\\\/\",\"url\":\"https:\\\/\\\/sts-psa.ch\\\/app\\\/uploads\\\/2024\\\/04\\\/logo-schweizer-tierschutz-sts-1.svg\",\"contentUrl\":\"https:\\\/\\\/sts-psa.ch\\\/app\\\/uploads\\\/2024\\\/04\\\/logo-schweizer-tierschutz-sts-1.svg\",\"caption\":\"Schweizer Tierschutz STS\"},\"image\":{\"@id\":\"https:\\\/\\\/tierschutz.com\\\/it\\\/#\\\/schema\\\/logo\\\/image\\\/\"},\"sameAs\":[\"https:\\\/\\\/www.facebook.com\\\/schweizertierschutz\\\/\",\"https:\\\/\\\/www.instagram.com\\\/schweizertierschutzsts\\\/\",\"https:\\\/\\\/www.youtube.com\\\/@STS_Tierschutz\",\"https:\\\/\\\/www.linkedin.com\\\/company\\\/schweizertierschutzsts\\\/\"],\"description\":\"Der Schweizer Tierschutz STS ist der Dachverband von 71 Tierschutzorganisationen in allen Sprachregionen der Schweiz und in Liechtenstein. Seine Mitarbeitenden leisten wissenschaftlich fundierte Grundlagenarbeit, setzen sich mit Projekten und Aktionen f\u00fcr den Schutz und das Wohlbefinden von Heim-, Wild-, Nutz- und Versuchstieren ein und sensibilisieren die \u00d6ffentlichkeit f\u00fcr Tierschutzthemen.\",\"email\":\"sts@tierschutz.com\",\"telephone\":\"061 365 99 99\",\"legalName\":\"Schweizer Tierschutz STS\"}]}<\/script>\n<!-- \/ Yoast SEO Premium plugin. -->","yoast_head_json":{"title":"Manifestations \u00e9questres S\u00e9lections d\u2019\u00e9levage franches-montagnes - Schweizer Tierschutz STS","description":"Der Schweizer Tierschutz STS setzt sich f\u00fcr transparente Berichte und Reports ein. Erfahren Sie hier mehr.","robots":{"index":"index","follow":"follow","max-snippet":"max-snippet:-1","max-image-preview":"max-image-preview:large","max-video-preview":"max-video-preview:-1"},"canonical":"https:\/\/sts-psa.ch\/fr\/exhibit\/selections-delevage-franches-montagnes\/","og_locale":"fr_FR","og_type":"article","og_title":"S\u00e9lections d\u2019\u00e9levage franches-montagnes","og_description":"Der Schweizer Tierschutz STS setzt sich f\u00fcr transparente Berichte und Reports ein. Erfahren Sie hier mehr.","og_url":"https:\/\/sts-psa.ch\/fr\/exhibit\/selections-delevage-franches-montagnes\/","og_site_name":"Protection Suisse des Animaux PSA","article_publisher":"https:\/\/www.facebook.com\/schweizertierschutz\/","article_modified_time":"2024-04-04T11:02:42+00:00","og_image":[{"width":2362,"height":1770,"url":"https:\/\/tierschutz.com\/app\/uploads\/2024\/04\/freiberger-zuchtselektionen.jpg","type":"image\/jpeg"}],"twitter_card":"summary_large_image","twitter_misc":{"Dur\u00e9e de lecture estim\u00e9e":"7 minutes"},"schema":{"@context":"https:\/\/schema.org","@graph":[{"@type":"WebPage","@id":"https:\/\/sts-psa.ch\/fr\/exhibit\/selections-delevage-franches-montagnes\/","url":"https:\/\/sts-psa.ch\/fr\/exhibit\/selections-delevage-franches-montagnes\/","name":"Manifestations \u00e9questres S\u00e9lections d\u2019\u00e9levage franches-montagnes - Schweizer Tierschutz STS","isPartOf":{"@id":"https:\/\/tierschutz.com\/it\/#website"},"primaryImageOfPage":{"@id":"https:\/\/sts-psa.ch\/fr\/exhibit\/selections-delevage-franches-montagnes\/#primaryimage"},"image":{"@id":"https:\/\/sts-psa.ch\/fr\/exhibit\/selections-delevage-franches-montagnes\/#primaryimage"},"thumbnailUrl":"https:\/\/sts-psa.ch\/app\/uploads\/2024\/04\/freiberger-zuchtselektionen.jpg","datePublished":"2024-04-04T08:22:52+00:00","dateModified":"2024-04-04T11:02:42+00:00","description":"Der Schweizer Tierschutz STS setzt sich f\u00fcr transparente Berichte und Reports ein. Erfahren Sie hier mehr.","breadcrumb":{"@id":"https:\/\/sts-psa.ch\/fr\/exhibit\/selections-delevage-franches-montagnes\/#breadcrumb"},"inLanguage":"fr-FR","potentialAction":[{"@type":"ReadAction","target":["https:\/\/sts-psa.ch\/fr\/exhibit\/selections-delevage-franches-montagnes\/"]}]},{"@type":"ImageObject","inLanguage":"fr-FR","@id":"https:\/\/sts-psa.ch\/fr\/exhibit\/selections-delevage-franches-montagnes\/#primaryimage","url":"https:\/\/sts-psa.ch\/app\/uploads\/2024\/04\/freiberger-zuchtselektionen.jpg","contentUrl":"https:\/\/sts-psa.ch\/app\/uploads\/2024\/04\/freiberger-zuchtselektionen.jpg","width":2362,"height":1770},{"@type":"BreadcrumbList","@id":"https:\/\/sts-psa.ch\/fr\/exhibit\/selections-delevage-franches-montagnes\/#breadcrumb","itemListElement":[{"@type":"ListItem","position":1,"name":"Page d\u2019accueil","item":"https:\/\/mail.swiss-animal-protection.ch\/fr\/"},{"@type":"ListItem","position":2,"name":"Berichte","item":"https:\/\/sts-psa.ch\/fr\/exhibit\/"},{"@type":"ListItem","position":3,"name":"S\u00e9lections d\u2019\u00e9levage franches-montagnes"}]},{"@type":"WebSite","@id":"https:\/\/tierschutz.com\/it\/#website","url":"https:\/\/tierschutz.com\/it\/","name":"tierschutz.com","description":"Wir setzen uns f\u00fcr das Wohl der Tiere ein.","publisher":{"@id":"https:\/\/tierschutz.com\/it\/#organization"},"alternateName":"Schweizer Tierschutz STS","potentialAction":[{"@type":"SearchAction","target":{"@type":"EntryPoint","urlTemplate":"https:\/\/tierschutz.com\/it\/?s={search_term_string}"},"query-input":{"@type":"PropertyValueSpecification","valueRequired":true,"valueName":"search_term_string"}}],"inLanguage":"fr-FR"},{"@type":"Organization","@id":"https:\/\/tierschutz.com\/it\/#organization","name":"Schweizer Tierschutz STS","alternateName":"STS","url":"https:\/\/tierschutz.com\/it\/","logo":{"@type":"ImageObject","inLanguage":"fr-FR","@id":"https:\/\/tierschutz.com\/it\/#\/schema\/logo\/image\/","url":"https:\/\/sts-psa.ch\/app\/uploads\/2024\/04\/logo-schweizer-tierschutz-sts-1.svg","contentUrl":"https:\/\/sts-psa.ch\/app\/uploads\/2024\/04\/logo-schweizer-tierschutz-sts-1.svg","caption":"Schweizer Tierschutz STS"},"image":{"@id":"https:\/\/tierschutz.com\/it\/#\/schema\/logo\/image\/"},"sameAs":["https:\/\/www.facebook.com\/schweizertierschutz\/","https:\/\/www.instagram.com\/schweizertierschutzsts\/","https:\/\/www.youtube.com\/@STS_Tierschutz","https:\/\/www.linkedin.com\/company\/schweizertierschutzsts\/"],"description":"Der Schweizer Tierschutz STS ist der Dachverband von 71 Tierschutzorganisationen in allen Sprachregionen der Schweiz und in Liechtenstein. Seine Mitarbeitenden leisten wissenschaftlich fundierte Grundlagenarbeit, setzen sich mit Projekten und Aktionen f\u00fcr den Schutz und das Wohlbefinden von Heim-, Wild-, Nutz- und Versuchstieren ein und sensibilisieren die \u00d6ffentlichkeit f\u00fcr Tierschutzthemen.","email":"sts@tierschutz.com","telephone":"061 365 99 99","legalName":"Schweizer Tierschutz STS"}]}},"_links":{"self":[{"href":"https:\/\/sts-psa.ch\/fr\/wp-json\/wp\/v2\/exhibit\/18316","targetHints":{"allow":["GET"]}}],"collection":[{"href":"https:\/\/sts-psa.ch\/fr\/wp-json\/wp\/v2\/exhibit"}],"about":[{"href":"https:\/\/sts-psa.ch\/fr\/wp-json\/wp\/v2\/types\/exhibit"}],"version-history":[{"count":1,"href":"https:\/\/sts-psa.ch\/fr\/wp-json\/wp\/v2\/exhibit\/18316\/revisions"}],"predecessor-version":[{"id":18317,"href":"https:\/\/sts-psa.ch\/fr\/wp-json\/wp\/v2\/exhibit\/18316\/revisions\/18317"}],"wp:featuredmedia":[{"embeddable":true,"href":"https:\/\/sts-psa.ch\/fr\/wp-json\/wp\/v2\/media\/18280"}],"wp:attachment":[{"href":"https:\/\/sts-psa.ch\/fr\/wp-json\/wp\/v2\/media?parent=18316"}],"wp:term":[{"taxonomy":"exhibit-category","embeddable":true,"href":"https:\/\/sts-psa.ch\/fr\/wp-json\/wp\/v2\/exhibit-category?post=18316"},{"taxonomy":"exhibit-tag","embeddable":true,"href":"https:\/\/sts-psa.ch\/fr\/wp-json\/wp\/v2\/exhibit-tag?post=18316"}],"curies":[{"name":"wp","href":"https:\/\/api.w.org\/{rel}","templated":true}]}}