{"id":21119,"date":"2024-05-27T14:10:09","date_gmt":"2024-05-27T12:10:09","guid":{"rendered":"https:\/\/tierschutz.com\/?page_id=21119"},"modified":"2026-04-14T14:19:34","modified_gmt":"2026-04-14T12:19:34","slug":"evaluation-du-bien-etre-animal","status":"publish","type":"page","link":"https:\/\/sts-psa.ch\/fr\/detention-des-animaux\/animaux-de-rente\/evaluation-du-bien-etre-animal\/","title":{"rendered":"\u00c9valuation du bien-\u00eatre animal"},"content":{"rendered":"\n<div class=\"wp-block-cover alignfull\"><img loading=\"lazy\" decoding=\"async\" width=\"1600\" height=\"696\" class=\"wp-block-cover__image-background wp-image-4416\" alt=\"Herde K\u00fche artgerecht auf Weide in den Alpen\" src=\"https:\/\/tierschutz.com\/app\/uploads\/2023\/06\/bosshart_buchmann-l-e1686304527670.jpeg\" style=\"object-position:57% 29%\" data-object-fit=\"cover\" data-object-position=\"57% 29%\" srcset=\"https:\/\/sts-psa.ch\/app\/uploads\/2023\/06\/bosshart_buchmann-l-e1686304527670.jpeg 1600w, https:\/\/sts-psa.ch\/app\/uploads\/2023\/06\/bosshart_buchmann-l-e1686304527670-300x131.jpeg 300w, https:\/\/sts-psa.ch\/app\/uploads\/2023\/06\/bosshart_buchmann-l-e1686304527670-1024x445.jpeg 1024w, https:\/\/sts-psa.ch\/app\/uploads\/2023\/06\/bosshart_buchmann-l-e1686304527670-768x334.jpeg 768w, https:\/\/sts-psa.ch\/app\/uploads\/2023\/06\/bosshart_buchmann-l-e1686304527670-1536x668.jpeg 1536w\" sizes=\"auto, (max-width: 1600px) 100vw, 1600px\" \/><span aria-hidden=\"true\" class=\"wp-block-cover__background has-black-background-color has-background-dim-20 has-background-dim\"><\/span><div class=\"wp-block-cover__inner-container is-layout-flow wp-block-cover-is-layout-flow\">\n<h2 class=\"wp-block-heading has-text-align-center has-background-color has-text-color\" id=\"h-evaluation-du-bien-etre-animal\">\u00c9valuation du bien-\u00eatre animal<\/h2>\n<\/div><\/div>\n\n\n\n<div class=\"wp-block-group alignfull anchor-bar has-lightgray-background-color has-background is-layout-constrained wp-block-group-is-layout-constrained\">\n<div class=\"wp-block-group is-content-justification-space-between is-layout-flex wp-container-core-group-is-layout-9366075c wp-block-group-is-layout-flex\">\n<p class=\"has-large-font-size\"><strong><a href=\"#bewertung\">Syst\u00e8me d&#8217;\u00e9valuation<\/a><\/strong><\/p>\n\n\n\n<p class=\"has-large-font-size\"><strong><a href=\"#rating\">Cat\u00e9gories<\/a><\/strong><\/p>\n\n\n\n<p class=\"has-large-font-size\"><strong><a href=\"#partner\">Partenaire<\/a><\/strong><\/p>\n<\/div>\n<\/div>\n\n\n\n<div class=\"wp-block-group alignfull has-background-background-color has-background is-layout-constrained wp-block-group-is-layout-constrained\">\n<h2 class=\"wp-block-heading has-text-align-center\" id=\"h-le-projet\"><strong>Le projet<\/strong><\/h2>\n\n\n\n<hr class=\"wp-block-separator has-text-color has-primary-color has-alpha-channel-opacity has-primary-background-color has-background\"\/>\n\n\n\n<p class=\"has-text-align-center has-large-font-size\">Bon nombre de consommateurs et de consommatrices attachent de l\u2019importance au bien-\u00eatre et \u00e0 la protection des animaux de rente. Mais l\u2019inflation des marques, des labels, des normes de bien-\u00eatre animal et des slogans publicitaires d\u00e9soriente fortement la client\u00e8le et g\u00e9n\u00e8re un important besoin d\u2019information. Les notes de bien-\u00eatre animal de la Protection Suisse des Animaux PSA pr\u00e9sentent une \u00e9valuation uniforme et compr\u00e9hensible de la protection animale.<\/p>\n\n\n\n<p>La note appos\u00e9e directement sur l\u2019emballage de la viande permet aux clients de se renseigner rapidement et facilement sur les conditions de d\u00e9tention et de vie des animaux et de prendre ainsi une d\u00e9cision d\u2019achat en toute connaissance de cause.<\/p>\n\n\n\n<h3 class=\"wp-block-heading\" id=\"h-independant\" style=\"font-style:normal;font-weight:700\">Ind\u00e9pendant<\/h3>\n\n\n\n<p>La notation du bien-\u00eatre animal et donc, l\u2019\u00e9valuation de la protection des animaux des produits sont exclusivement effectu\u00e9es en toute ind\u00e9pendance par le Centre de comp\u00e9tence animaux de rente de la Protection Suisse des Animaux PSA. Ni les d\u00e9taillants ni les producteurs n\u2019ont d\u2019influence sur l\u2019\u00e9valuation du bien-\u00eatre animal de chaque produit.<\/p>\n<\/div>\n\n\n\n<div class=\"wp-block-group alignfull has-background-background-color has-background is-layout-constrained wp-block-group-is-layout-constrained\" id=\"bewertung\">\n<h2 class=\"wp-block-heading has-text-align-center\" id=\"h-systeme-d-evaluation\"><strong>Syst\u00e8me d&#8217;\u00e9valuation<\/strong><\/h2>\n\n\n\n<hr class=\"wp-block-separator has-text-color has-primary-color has-alpha-channel-opacity has-primary-background-color has-background\"\/>\n\n\n\n<div class=\"wp-block-media-text alignwide is-stacked-on-mobile is-vertically-aligned-center\"><figure class=\"wp-block-media-text__media\"><img loading=\"lazy\" decoding=\"async\" width=\"920\" height=\"704\" src=\"https:\/\/tierschutz.com\/app\/uploads\/2024\/05\/projekt_home.jpg\" alt=\"\u00c9valuation du bien-\u00eatre animal \u2013\u00a0emballage\" class=\"wp-image-20739 size-full\" srcset=\"https:\/\/sts-psa.ch\/app\/uploads\/2024\/05\/projekt_home.jpg 920w, https:\/\/sts-psa.ch\/app\/uploads\/2024\/05\/projekt_home-300x230.jpg 300w, https:\/\/sts-psa.ch\/app\/uploads\/2024\/05\/projekt_home-768x588.jpg 768w\" sizes=\"auto, (max-width: 920px) 100vw, 920px\" \/><\/figure><div class=\"wp-block-media-text__content\">\n<div class=\"wp-block-group is-style-shadow-box has-background-background-color has-background is-layout-constrained wp-block-group-is-layout-constrained\">\n<p>Pour \u00e9valuer les normes pertinentes en mati\u00e8re de bien-\u00eatre animal, la Protection Suisse des Animaux PSA a fix\u00e9 des crit\u00e8res qui \u00e9valuent \u00e0 la fois le bien-\u00eatre animal et la cr\u00e9dibilit\u00e9 des avantages promis en lien avec la protection des animaux. Ces crit\u00e8res incluent les conditions de d\u00e9tention, de transport et d\u2019abattage des animaux, mais aussi la qualit\u00e9 des contr\u00f4les ou la v\u00e9rifiabilit\u00e9 des flux de marchandises.<\/p>\n\n\n\n<p>La notation du bien-\u00eatre animal se base sur les crit\u00e8res de la plateforme d\u2019\u00e9valuation \u00abManger avec du c\u0153ur\u00bb de la Protection Suisse des Animaux PSA. Au total, plus de 70 crit\u00e8res sont \u00e9valu\u00e9s, pond\u00e9r\u00e9s et r\u00e9sum\u00e9s en une \u00e9valuation globale.<\/p>\n\n\n\n<div class=\"wp-block-buttons is-layout-flex wp-block-buttons-is-layout-flex\">\n<div class=\"wp-block-button\"><a class=\"wp-block-button__link wp-element-button\" href=\"https:\/\/mangeravecducoeur.ch\/kriterien-und-bewertung-f\/\" target=\"_blank\" rel=\"noreferrer noopener\">Plus d&#8217;information<\/a><\/div>\n<\/div>\n<\/div>\n<\/div><\/div>\n<\/div>\n\n\n\n<div class=\"wp-block-group alignfull has-background-background-color has-background is-layout-constrained wp-block-group-is-layout-constrained\" id=\"rating\">\n<h2 class=\"wp-block-heading has-text-align-center\" id=\"h-categories\"><strong>Cat\u00e9gories<\/strong><\/h2>\n\n\n\n<hr class=\"wp-block-separator has-text-color has-primary-color has-alpha-channel-opacity has-primary-background-color has-background\"\/>\n\n\n\n<div class=\"wp-block-media-text is-stacked-on-mobile is-style-shadow\" id=\"cat-a\"><figure class=\"wp-block-media-text__media\"><img loading=\"lazy\" decoding=\"async\" width=\"800\" height=\"600\" src=\"https:\/\/tierschutz.com\/app\/uploads\/2024\/05\/rating_a.png\" alt=\"Cat\u00e9gorie de bien-\u00eatre animal A top\" class=\"wp-image-20742 size-full\" srcset=\"https:\/\/sts-psa.ch\/app\/uploads\/2024\/05\/rating_a.png 800w, https:\/\/sts-psa.ch\/app\/uploads\/2024\/05\/rating_a-300x225.png 300w, https:\/\/sts-psa.ch\/app\/uploads\/2024\/05\/rating_a-768x576.png 768w\" sizes=\"auto, (max-width: 800px) 100vw, 800px\" \/><\/figure><div class=\"wp-block-media-text__content\">\n<h3 class=\"wp-block-heading\" id=\"h-categorie-de-bien-etre-animal-a-top\"><strong>Cat\u00e9gorie de bien-\u00eatre animal A <mark style=\"background-color:rgba(0, 0, 0, 0)\" class=\"has-inline-color has-secondary-color\">top<\/mark><\/strong><\/h3>\n\n\n\n<p><strong>Normes de bien-\u00eatre animal particuli\u00e8rement \u00e9lev\u00e9es<br>Hautement recommand\u00e9<\/strong><\/p>\n\n\n\n<p><strong>P\u00e2turage.<\/strong> D\u00e9tention en groupe avec des aires de repos structur\u00e9es ou paill\u00e9es et occupation et sorties \u00e0 l\u2019air libre. De plus, s\u00e9jours r\u00e9guliers dans des pr\u00e9s.<\/p>\n\n\n\n<p>Correspond aux labels et programmes d\u2019\u00e9levage avec des directives hors pair pour la d\u00e9tention des animaux de rente.<\/p>\n<\/div><\/div>\n\n\n\n<div class=\"wp-block-media-text has-media-on-the-right is-stacked-on-mobile is-style-shadow\" id=\"cat-b\"><div class=\"wp-block-media-text__content\">\n<h3 class=\"wp-block-heading\" id=\"h-categorie-de-bien-etre-animal-b-good\"><strong>Cat\u00e9gorie de bien-\u00eatre animal B <mark style=\"background-color:rgba(0, 0, 0, 0)\" class=\"has-inline-color has-secondary-color\">good<\/mark><\/strong><\/h3>\n\n\n\n<p><strong>Normes de bien-\u00eatre animal bonnes<br>Recommand\u00e9<\/strong><\/p>\n\n\n\n<p><strong>D\u00e9tention avec sorties \u00e0 l\u2019ext\u00e9rieur.<\/strong> En g\u00e9n\u00e9ral, d\u00e9tention en groupe, avec des aires de repos structur\u00e9es ou paill\u00e9es et occupation et sorties \u00e0 l\u2019air libre.<\/p>\n\n\n\n<p>Correspond \u00e0 la majorit\u00e9 des labels d\u2019\u00e9levage s\u00e9rieux de Suisse, certains aussi de l\u2019\u00e9tranger.<\/p>\n<\/div><figure class=\"wp-block-media-text__media\"><img loading=\"lazy\" decoding=\"async\" width=\"800\" height=\"600\" src=\"https:\/\/tierschutz.com\/app\/uploads\/2024\/05\/rating_b.png\" alt=\"Cat\u00e9gorie de bien-\u00eatre animal B good\" class=\"wp-image-20745 size-full\" srcset=\"https:\/\/sts-psa.ch\/app\/uploads\/2024\/05\/rating_b.png 800w, https:\/\/sts-psa.ch\/app\/uploads\/2024\/05\/rating_b-300x225.png 300w, https:\/\/sts-psa.ch\/app\/uploads\/2024\/05\/rating_b-768x576.png 768w\" sizes=\"auto, (max-width: 800px) 100vw, 800px\" \/><\/figure><\/div>\n\n\n\n<div class=\"wp-block-media-text is-stacked-on-mobile is-style-shadow\" id=\"cat-c\"><figure class=\"wp-block-media-text__media\"><img loading=\"lazy\" decoding=\"async\" width=\"800\" height=\"600\" src=\"https:\/\/tierschutz.com\/app\/uploads\/2024\/05\/rating_c.png\" alt=\"Cat\u00e9gorie de bien-\u00eatre animal C medium\" class=\"wp-image-20748 size-full\" srcset=\"https:\/\/sts-psa.ch\/app\/uploads\/2024\/05\/rating_c.png 800w, https:\/\/sts-psa.ch\/app\/uploads\/2024\/05\/rating_c-300x225.png 300w, https:\/\/sts-psa.ch\/app\/uploads\/2024\/05\/rating_c-768x576.png 768w\" sizes=\"auto, (max-width: 800px) 100vw, 800px\" \/><\/figure><div class=\"wp-block-media-text__content\">\n<h3 class=\"wp-block-heading\" id=\"h-categorie-de-bien-etre-animal-c-medium\"><strong>Cat\u00e9gorie de bien-\u00eatre animal C <mark style=\"background-color:rgba(0, 0, 0, 0)\" class=\"has-inline-color has-secondary-color\">medium<\/mark><\/strong><\/h3>\n\n\n\n<p><strong>Normes de bien-\u00eatre animal insuffisantes<br>Peu recommand\u00e9<\/strong><\/p>\n\n\n\n<p><strong>Stabulation Plus.<\/strong> D\u00e9tention uniquement en stabulation, avec au moins quelques points positifs suppl\u00e9mentaires (lumi\u00e8re naturelle, parfois plus d\u2019espace et des possibilit\u00e9s d\u2019occupation minimales).<\/p>\n\n\n\n<p>Correspond \u00e0 la plupart des produits de Suisse sans label.<\/p>\n<\/div><\/div>\n\n\n\n<div class=\"wp-block-media-text has-media-on-the-right is-stacked-on-mobile is-style-shadow\" id=\"cat-c\"><div class=\"wp-block-media-text__content\">\n<h3 class=\"wp-block-heading\" id=\"h-categorie-de-bien-etre-animal-d-low\"><strong>Cat\u00e9gorie de bien-\u00eatre animal D <mark style=\"background-color:rgba(0, 0, 0, 0)\" class=\"has-inline-color has-secondary-color\">low<\/mark><\/strong><\/h3>\n\n\n\n<p><strong>Peu ou pas de normes de bien-\u00eatre animal<br>Non recommand\u00e9<\/strong><\/p>\n\n\n\n<p><strong>Stabulation.<\/strong> D\u00e9tention uniquement en stabulation, monotone et pratiquement aucune occupation.<\/p>\n\n\n\n<p>Correspond \u00e0 la plupart des produits de l\u2019UE ou d\u2019outre-mer.<\/p>\n<\/div><figure class=\"wp-block-media-text__media\"><img loading=\"lazy\" decoding=\"async\" width=\"800\" height=\"600\" src=\"https:\/\/tierschutz.com\/app\/uploads\/2024\/05\/rating_d.png\" alt=\"Cat\u00e9gorie de bien-\u00eatre animal D low\" class=\"wp-image-20751 size-full\" srcset=\"https:\/\/sts-psa.ch\/app\/uploads\/2024\/05\/rating_d.png 800w, https:\/\/sts-psa.ch\/app\/uploads\/2024\/05\/rating_d-300x225.png 300w, https:\/\/sts-psa.ch\/app\/uploads\/2024\/05\/rating_d-768x576.png 768w\" sizes=\"auto, (max-width: 800px) 100vw, 800px\" \/><\/figure><\/div>\n<\/div>\n\n\n\n<div class=\"wp-block-group alignfull has-background-background-color has-background is-layout-constrained wp-block-group-is-layout-constrained\" id=\"partner\">\n<h2 class=\"wp-block-heading has-text-align-center\" id=\"h-partenaire-du-projet\"><strong>Partenaire du projet<\/strong><\/h2>\n\n\n\n<hr class=\"wp-block-separator has-text-color has-primary-color has-alpha-channel-opacity has-primary-background-color has-background\"\/>\n<\/div>\n\n\n\n<div class=\"wp-block-media-text alignwide is-stacked-on-mobile is-vertically-aligned-center\"><figure class=\"wp-block-media-text__media\"><img loading=\"lazy\" decoding=\"async\" width=\"1024\" height=\"799\" src=\"https:\/\/tierschutz.com\/app\/uploads\/2024\/05\/partner_home-1024x799.jpg\" alt=\"Tierwohlrating Projektpartner\" class=\"wp-image-20736 size-full\" srcset=\"https:\/\/sts-psa.ch\/app\/uploads\/2024\/05\/partner_home-1024x799.jpg 1024w, https:\/\/sts-psa.ch\/app\/uploads\/2024\/05\/partner_home-300x234.jpg 300w, https:\/\/sts-psa.ch\/app\/uploads\/2024\/05\/partner_home-768x599.jpg 768w, https:\/\/sts-psa.ch\/app\/uploads\/2024\/05\/partner_home.jpg 1050w\" sizes=\"auto, (max-width: 1024px) 100vw, 1024px\" \/><\/figure><div class=\"wp-block-media-text__content\">\n<div class=\"wp-block-group is-style-shadow-box has-background-background-color has-background is-layout-constrained wp-block-group-is-layout-constrained\">\n<figure class=\"wp-block-image aligncenter size-large is-resized\"><img loading=\"lazy\" decoding=\"async\" width=\"128\" height=\"38\" src=\"https:\/\/tierschutz.com\/app\/uploads\/\/2026\/04\/coop_logo.svg\" alt=\"\" class=\"wp-image-36927\" style=\"width:200px\"\/><\/figure>\n\n\n\n<p>Coop a d\u00e9velopp\u00e9 ses propres programmes de d\u00e9tention d&#8217;animaux en collaboration avec la Protection Suisse des Animaux PSA et aligne ses directives d&#8217;achat internes sur le syst\u00e8me de la PSA.<\/p>\n\n\n\n<div class=\"wp-block-buttons is-layout-flex wp-block-buttons-is-layout-flex\">\n<div class=\"wp-block-button\"><a class=\"wp-block-button__link wp-element-button\" href=\"https:\/\/www.des-paroles-aux-actes.ch\/fr\/themes-sur-le-developpement-durable\/bien-etre-animal\/engagement-en-faveur-du-bien-etre-animal.html\" target=\"_blank\" rel=\"noreferrer noopener nofollow\">Plus d&#8217;information<\/a><\/div>\n<\/div>\n\n\n\n<hr class=\"wp-block-separator has-alpha-channel-opacity is-style-wide\"\/>\n\n\n\n<figure class=\"wp-block-image aligncenter size-large is-resized\"><img loading=\"lazy\" decoding=\"async\" width=\"60\" height=\"60\" src=\"https:\/\/tierschutz.com\/app\/uploads\/\/2026\/04\/lidl.svg\" alt=\"\" class=\"wp-image-36928\" style=\"width:160px\"\/><\/figure>\n\n\n\n<p><strong>Lidl Suisse<\/strong> est le premier d\u00e9taillant de Suisse \u00e0 appliquer sur ses produits \u00e0 base de viande la signal\u00e9tique d\u2019\u00e9valuation du bien-\u00eatre animal de la Protection Suisse des Animaux PSA.<\/p>\n\n\n\n<div class=\"wp-block-buttons is-layout-flex wp-block-buttons-is-layout-flex\">\n<div class=\"wp-block-button\"><a class=\"wp-block-button__link wp-element-button\" href=\"https:\/\/corporate.lidl.ch\/fr\/durabilite\" target=\"_blank\" rel=\"noreferrer noopener\">Plus d&#8217;information<\/a><\/div>\n<\/div>\n<\/div>\n<\/div><\/div>\n","protected":false},"excerpt":{"rendered":"<p>Bon nombre de consommateurs et de consommatrices attachent de l\u2019importance au bien-\u00eatre et \u00e0 la protection des animaux de rente. Mais l\u2019inflation des marques, des labels, des normes de bien-\u00eatre animal et des slogans publicitaires d\u00e9soriente fortement la client\u00e8le et g\u00e9n\u00e8re un important besoin d\u2019information. Les notes de bien-\u00eatre animal de la Protection Suisse des Animaux PSA pr\u00e9sentent une \u00e9valuation uniforme et compr\u00e9hensible de la protection animale.<\/p>\n","protected":false},"author":5,"featured_media":20734,"parent":5045,"menu_order":134,"comment_status":"closed","ping_status":"closed","template":"","meta":{"_acf_changed":false,"inline_featured_image":false,"_vp_format_video_url":"","_vp_image_focal_point":[],"footnotes":""},"class_list":["post-21119","page","type-page","status-publish","has-post-thumbnail","hentry"],"acf":[],"yoast_head":"<!-- This site is optimized with the Yoast SEO Premium plugin v27.4 (Yoast SEO v27.4) - https:\/\/yoast.com\/product\/yoast-seo-premium-wordpress\/ -->\n<title>\u00c9valuation du bien-\u00eatre animal - Protection Suisse des Animaux PSA<\/title>\n<meta name=\"description\" content=\"Bon nombre de consommateurs et de consommatrices attachent de l\u2019importance au bien-\u00eatre et \u00e0 la protection des animaux de rente.\" \/>\n<meta name=\"robots\" content=\"index, follow, max-snippet:-1, max-image-preview:large, max-video-preview:-1\" \/>\n<link rel=\"canonical\" href=\"https:\/\/sts-psa.ch\/fr\/detention-des-animaux\/animaux-de-rente\/evaluation-du-bien-etre-animal\/\" \/>\n<meta property=\"og:locale\" content=\"fr_FR\" \/>\n<meta property=\"og:type\" content=\"article\" \/>\n<meta property=\"og:title\" content=\"\u00c9valuation du bien-\u00eatre animal\" \/>\n<meta property=\"og:description\" content=\"Bon nombre de consommateurs et de consommatrices attachent de l\u2019importance au bien-\u00eatre et \u00e0 la protection des animaux de rente.\" \/>\n<meta property=\"og:url\" content=\"https:\/\/sts-psa.ch\/fr\/detention-des-animaux\/animaux-de-rente\/evaluation-du-bien-etre-animal\/\" \/>\n<meta property=\"og:site_name\" content=\"Protection Suisse des Animaux PSA\" \/>\n<meta property=\"article:publisher\" content=\"https:\/\/www.facebook.com\/schweizertierschutz\/\" \/>\n<meta property=\"article:modified_time\" content=\"2026-04-14T12:19:34+00:00\" \/>\n<meta property=\"og:image\" content=\"https:\/\/sts-psa.ch\/app\/uploads\/2024\/05\/bewertung.jpg\" \/>\n\t<meta property=\"og:image:width\" content=\"900\" \/>\n\t<meta property=\"og:image:height\" content=\"506\" \/>\n\t<meta property=\"og:image:type\" content=\"image\/jpeg\" \/>\n<meta name=\"twitter:card\" content=\"summary_large_image\" \/>\n<meta name=\"twitter:label1\" content=\"Dur\u00e9e de lecture estim\u00e9e\" \/>\n\t<meta name=\"twitter:data1\" content=\"6 minutes\" \/>\n<script type=\"application\/ld+json\" class=\"yoast-schema-graph\">{\"@context\":\"https:\\\/\\\/schema.org\",\"@graph\":[{\"@type\":\"WebPage\",\"@id\":\"https:\\\/\\\/sts-psa.ch\\\/fr\\\/detention-des-animaux\\\/animaux-de-rente\\\/evaluation-du-bien-etre-animal\\\/\",\"url\":\"https:\\\/\\\/sts-psa.ch\\\/fr\\\/detention-des-animaux\\\/animaux-de-rente\\\/evaluation-du-bien-etre-animal\\\/\",\"name\":\"\u00c9valuation du bien-\u00eatre animal - Protection Suisse des Animaux PSA\",\"isPartOf\":{\"@id\":\"https:\\\/\\\/mail.protection-animaux-psa.ch\\\/fr\\\/#website\"},\"primaryImageOfPage\":{\"@id\":\"https:\\\/\\\/sts-psa.ch\\\/fr\\\/detention-des-animaux\\\/animaux-de-rente\\\/evaluation-du-bien-etre-animal\\\/#primaryimage\"},\"image\":{\"@id\":\"https:\\\/\\\/sts-psa.ch\\\/fr\\\/detention-des-animaux\\\/animaux-de-rente\\\/evaluation-du-bien-etre-animal\\\/#primaryimage\"},\"thumbnailUrl\":\"https:\\\/\\\/sts-psa.ch\\\/app\\\/uploads\\\/2024\\\/05\\\/bewertung.jpg\",\"datePublished\":\"2024-05-27T12:10:09+00:00\",\"dateModified\":\"2026-04-14T12:19:34+00:00\",\"description\":\"Bon nombre de consommateurs et de consommatrices attachent de l\u2019importance au bien-\u00eatre et \u00e0 la protection des animaux de rente.\",\"breadcrumb\":{\"@id\":\"https:\\\/\\\/sts-psa.ch\\\/fr\\\/detention-des-animaux\\\/animaux-de-rente\\\/evaluation-du-bien-etre-animal\\\/#breadcrumb\"},\"inLanguage\":\"fr-FR\",\"potentialAction\":[{\"@type\":\"ReadAction\",\"target\":[\"https:\\\/\\\/sts-psa.ch\\\/fr\\\/detention-des-animaux\\\/animaux-de-rente\\\/evaluation-du-bien-etre-animal\\\/\"]}]},{\"@type\":\"ImageObject\",\"inLanguage\":\"fr-FR\",\"@id\":\"https:\\\/\\\/sts-psa.ch\\\/fr\\\/detention-des-animaux\\\/animaux-de-rente\\\/evaluation-du-bien-etre-animal\\\/#primaryimage\",\"url\":\"https:\\\/\\\/sts-psa.ch\\\/app\\\/uploads\\\/2024\\\/05\\\/bewertung.jpg\",\"contentUrl\":\"https:\\\/\\\/sts-psa.ch\\\/app\\\/uploads\\\/2024\\\/05\\\/bewertung.jpg\",\"width\":900,\"height\":506},{\"@type\":\"BreadcrumbList\",\"@id\":\"https:\\\/\\\/sts-psa.ch\\\/fr\\\/detention-des-animaux\\\/animaux-de-rente\\\/evaluation-du-bien-etre-animal\\\/#breadcrumb\",\"itemListElement\":[{\"@type\":\"ListItem\",\"position\":1,\"name\":\"Page d\u2019accueil\",\"item\":\"https:\\\/\\\/mail.protection-animaux-psa.ch\\\/fr\\\/\"},{\"@type\":\"ListItem\",\"position\":2,\"name\":\"D\u00e9tention des animaux\",\"item\":\"https:\\\/\\\/mail.schweizer-tierschutz-sts.ch\\\/fr\\\/detention-des-animaux\\\/\"},{\"@type\":\"ListItem\",\"position\":3,\"name\":\"Animaux de rente\",\"item\":\"https:\\\/\\\/mail.schweizer-tierschutz-sts.ch\\\/fr\\\/detention-des-animaux\\\/animaux-de-rente\\\/\"},{\"@type\":\"ListItem\",\"position\":4,\"name\":\"\u00c9valuation du bien-\u00eatre animal\"}]},{\"@type\":\"WebSite\",\"@id\":\"https:\\\/\\\/mail.protection-animaux-psa.ch\\\/fr\\\/#website\",\"url\":\"https:\\\/\\\/mail.protection-animaux-psa.ch\\\/fr\\\/\",\"name\":\"tierschutz.com\",\"description\":\"Wir setzen uns f\u00fcr das Wohl der Tiere ein.\",\"publisher\":{\"@id\":\"https:\\\/\\\/mail.protection-animaux-psa.ch\\\/fr\\\/#organization\"},\"alternateName\":\"Schweizer Tierschutz STS\",\"potentialAction\":[{\"@type\":\"SearchAction\",\"target\":{\"@type\":\"EntryPoint\",\"urlTemplate\":\"https:\\\/\\\/mail.protection-animaux-psa.ch\\\/fr\\\/?s={search_term_string}\"},\"query-input\":{\"@type\":\"PropertyValueSpecification\",\"valueRequired\":true,\"valueName\":\"search_term_string\"}}],\"inLanguage\":\"fr-FR\"},{\"@type\":\"Organization\",\"@id\":\"https:\\\/\\\/mail.protection-animaux-psa.ch\\\/fr\\\/#organization\",\"name\":\"Schweizer Tierschutz STS\",\"alternateName\":\"STS\",\"url\":\"https:\\\/\\\/mail.protection-animaux-psa.ch\\\/fr\\\/\",\"logo\":{\"@type\":\"ImageObject\",\"inLanguage\":\"fr-FR\",\"@id\":\"https:\\\/\\\/mail.protection-animaux-psa.ch\\\/fr\\\/#\\\/schema\\\/logo\\\/image\\\/\",\"url\":\"https:\\\/\\\/sts-psa.ch\\\/app\\\/uploads\\\/2024\\\/04\\\/logo-schweizer-tierschutz-sts-1.svg\",\"contentUrl\":\"https:\\\/\\\/sts-psa.ch\\\/app\\\/uploads\\\/2024\\\/04\\\/logo-schweizer-tierschutz-sts-1.svg\",\"caption\":\"Schweizer Tierschutz STS\"},\"image\":{\"@id\":\"https:\\\/\\\/mail.protection-animaux-psa.ch\\\/fr\\\/#\\\/schema\\\/logo\\\/image\\\/\"},\"sameAs\":[\"https:\\\/\\\/www.facebook.com\\\/schweizertierschutz\\\/\",\"https:\\\/\\\/www.instagram.com\\\/schweizertierschutzsts\\\/\",\"https:\\\/\\\/www.youtube.com\\\/@STS_Tierschutz\",\"https:\\\/\\\/www.linkedin.com\\\/company\\\/schweizertierschutzsts\\\/\"],\"description\":\"Der Schweizer Tierschutz STS ist der Dachverband von 71 Tierschutzorganisationen in allen Sprachregionen der Schweiz und in Liechtenstein. Seine Mitarbeitenden leisten wissenschaftlich fundierte Grundlagenarbeit, setzen sich mit Projekten und Aktionen f\u00fcr den Schutz und das Wohlbefinden von Heim-, Wild-, Nutz- und Versuchstieren ein und sensibilisieren die \u00d6ffentlichkeit f\u00fcr Tierschutzthemen.\",\"email\":\"sts@tierschutz.com\",\"telephone\":\"061 365 99 99\",\"legalName\":\"Schweizer Tierschutz STS\"}]}<\/script>\n<!-- \/ Yoast SEO Premium plugin. -->","yoast_head_json":{"title":"\u00c9valuation du bien-\u00eatre animal - Protection Suisse des Animaux PSA","description":"Bon nombre de consommateurs et de consommatrices attachent de l\u2019importance au bien-\u00eatre et \u00e0 la protection des animaux de rente.","robots":{"index":"index","follow":"follow","max-snippet":"max-snippet:-1","max-image-preview":"max-image-preview:large","max-video-preview":"max-video-preview:-1"},"canonical":"https:\/\/sts-psa.ch\/fr\/detention-des-animaux\/animaux-de-rente\/evaluation-du-bien-etre-animal\/","og_locale":"fr_FR","og_type":"article","og_title":"\u00c9valuation du bien-\u00eatre animal","og_description":"Bon nombre de consommateurs et de consommatrices attachent de l\u2019importance au bien-\u00eatre et \u00e0 la protection des animaux de rente.","og_url":"https:\/\/sts-psa.ch\/fr\/detention-des-animaux\/animaux-de-rente\/evaluation-du-bien-etre-animal\/","og_site_name":"Protection Suisse des Animaux PSA","article_publisher":"https:\/\/www.facebook.com\/schweizertierschutz\/","article_modified_time":"2026-04-14T12:19:34+00:00","og_image":[{"width":900,"height":506,"url":"https:\/\/sts-psa.ch\/app\/uploads\/2024\/05\/bewertung.jpg","type":"image\/jpeg"}],"twitter_card":"summary_large_image","twitter_misc":{"Dur\u00e9e de lecture estim\u00e9e":"6 minutes"},"schema":{"@context":"https:\/\/schema.org","@graph":[{"@type":"WebPage","@id":"https:\/\/sts-psa.ch\/fr\/detention-des-animaux\/animaux-de-rente\/evaluation-du-bien-etre-animal\/","url":"https:\/\/sts-psa.ch\/fr\/detention-des-animaux\/animaux-de-rente\/evaluation-du-bien-etre-animal\/","name":"\u00c9valuation du bien-\u00eatre animal - Protection Suisse des Animaux PSA","isPartOf":{"@id":"https:\/\/mail.protection-animaux-psa.ch\/fr\/#website"},"primaryImageOfPage":{"@id":"https:\/\/sts-psa.ch\/fr\/detention-des-animaux\/animaux-de-rente\/evaluation-du-bien-etre-animal\/#primaryimage"},"image":{"@id":"https:\/\/sts-psa.ch\/fr\/detention-des-animaux\/animaux-de-rente\/evaluation-du-bien-etre-animal\/#primaryimage"},"thumbnailUrl":"https:\/\/sts-psa.ch\/app\/uploads\/2024\/05\/bewertung.jpg","datePublished":"2024-05-27T12:10:09+00:00","dateModified":"2026-04-14T12:19:34+00:00","description":"Bon nombre de consommateurs et de consommatrices attachent de l\u2019importance au bien-\u00eatre et \u00e0 la protection des animaux de rente.","breadcrumb":{"@id":"https:\/\/sts-psa.ch\/fr\/detention-des-animaux\/animaux-de-rente\/evaluation-du-bien-etre-animal\/#breadcrumb"},"inLanguage":"fr-FR","potentialAction":[{"@type":"ReadAction","target":["https:\/\/sts-psa.ch\/fr\/detention-des-animaux\/animaux-de-rente\/evaluation-du-bien-etre-animal\/"]}]},{"@type":"ImageObject","inLanguage":"fr-FR","@id":"https:\/\/sts-psa.ch\/fr\/detention-des-animaux\/animaux-de-rente\/evaluation-du-bien-etre-animal\/#primaryimage","url":"https:\/\/sts-psa.ch\/app\/uploads\/2024\/05\/bewertung.jpg","contentUrl":"https:\/\/sts-psa.ch\/app\/uploads\/2024\/05\/bewertung.jpg","width":900,"height":506},{"@type":"BreadcrumbList","@id":"https:\/\/sts-psa.ch\/fr\/detention-des-animaux\/animaux-de-rente\/evaluation-du-bien-etre-animal\/#breadcrumb","itemListElement":[{"@type":"ListItem","position":1,"name":"Page d\u2019accueil","item":"https:\/\/mail.protection-animaux-psa.ch\/fr\/"},{"@type":"ListItem","position":2,"name":"D\u00e9tention des animaux","item":"https:\/\/mail.schweizer-tierschutz-sts.ch\/fr\/detention-des-animaux\/"},{"@type":"ListItem","position":3,"name":"Animaux de rente","item":"https:\/\/mail.schweizer-tierschutz-sts.ch\/fr\/detention-des-animaux\/animaux-de-rente\/"},{"@type":"ListItem","position":4,"name":"\u00c9valuation du bien-\u00eatre animal"}]},{"@type":"WebSite","@id":"https:\/\/mail.protection-animaux-psa.ch\/fr\/#website","url":"https:\/\/mail.protection-animaux-psa.ch\/fr\/","name":"tierschutz.com","description":"Wir setzen uns f\u00fcr das Wohl der Tiere ein.","publisher":{"@id":"https:\/\/mail.protection-animaux-psa.ch\/fr\/#organization"},"alternateName":"Schweizer Tierschutz STS","potentialAction":[{"@type":"SearchAction","target":{"@type":"EntryPoint","urlTemplate":"https:\/\/mail.protection-animaux-psa.ch\/fr\/?s={search_term_string}"},"query-input":{"@type":"PropertyValueSpecification","valueRequired":true,"valueName":"search_term_string"}}],"inLanguage":"fr-FR"},{"@type":"Organization","@id":"https:\/\/mail.protection-animaux-psa.ch\/fr\/#organization","name":"Schweizer Tierschutz STS","alternateName":"STS","url":"https:\/\/mail.protection-animaux-psa.ch\/fr\/","logo":{"@type":"ImageObject","inLanguage":"fr-FR","@id":"https:\/\/mail.protection-animaux-psa.ch\/fr\/#\/schema\/logo\/image\/","url":"https:\/\/sts-psa.ch\/app\/uploads\/2024\/04\/logo-schweizer-tierschutz-sts-1.svg","contentUrl":"https:\/\/sts-psa.ch\/app\/uploads\/2024\/04\/logo-schweizer-tierschutz-sts-1.svg","caption":"Schweizer Tierschutz STS"},"image":{"@id":"https:\/\/mail.protection-animaux-psa.ch\/fr\/#\/schema\/logo\/image\/"},"sameAs":["https:\/\/www.facebook.com\/schweizertierschutz\/","https:\/\/www.instagram.com\/schweizertierschutzsts\/","https:\/\/www.youtube.com\/@STS_Tierschutz","https:\/\/www.linkedin.com\/company\/schweizertierschutzsts\/"],"description":"Der Schweizer Tierschutz STS ist der Dachverband von 71 Tierschutzorganisationen in allen Sprachregionen der Schweiz und in Liechtenstein. Seine Mitarbeitenden leisten wissenschaftlich fundierte Grundlagenarbeit, setzen sich mit Projekten und Aktionen f\u00fcr den Schutz und das Wohlbefinden von Heim-, Wild-, Nutz- und Versuchstieren ein und sensibilisieren die \u00d6ffentlichkeit f\u00fcr Tierschutzthemen.","email":"sts@tierschutz.com","telephone":"061 365 99 99","legalName":"Schweizer Tierschutz STS"}]}},"_links":{"self":[{"href":"https:\/\/sts-psa.ch\/fr\/wp-json\/wp\/v2\/pages\/21119","targetHints":{"allow":["GET"]}}],"collection":[{"href":"https:\/\/sts-psa.ch\/fr\/wp-json\/wp\/v2\/pages"}],"about":[{"href":"https:\/\/sts-psa.ch\/fr\/wp-json\/wp\/v2\/types\/page"}],"author":[{"embeddable":true,"href":"https:\/\/sts-psa.ch\/fr\/wp-json\/wp\/v2\/users\/5"}],"replies":[{"embeddable":true,"href":"https:\/\/sts-psa.ch\/fr\/wp-json\/wp\/v2\/comments?post=21119"}],"version-history":[{"count":7,"href":"https:\/\/sts-psa.ch\/fr\/wp-json\/wp\/v2\/pages\/21119\/revisions"}],"predecessor-version":[{"id":36941,"href":"https:\/\/sts-psa.ch\/fr\/wp-json\/wp\/v2\/pages\/21119\/revisions\/36941"}],"up":[{"embeddable":true,"href":"https:\/\/sts-psa.ch\/fr\/wp-json\/wp\/v2\/pages\/5045"}],"wp:featuredmedia":[{"embeddable":true,"href":"https:\/\/sts-psa.ch\/fr\/wp-json\/wp\/v2\/media\/20734"}],"wp:attachment":[{"href":"https:\/\/sts-psa.ch\/fr\/wp-json\/wp\/v2\/media?parent=21119"}],"curies":[{"name":"wp","href":"https:\/\/api.w.org\/{rel}","templated":true}]}}