{"id":27040,"date":"2024-09-23T13:26:09","date_gmt":"2024-09-23T11:26:09","guid":{"rendered":"https:\/\/tierschutz.com\/la-psa\/association\/emplois\/fachbereichsleitung-tierhaltungskontrolle-kleinvieh\/"},"modified":"2024-09-23T13:34:47","modified_gmt":"2024-09-23T11:34:47","slug":"responsable-pour-le-domaine-des-controles-de-detention-pour-le-petit-betail","status":"publish","type":"page","link":"https:\/\/sts-psa.ch\/fr\/la-psa\/association\/emplois\/responsable-pour-le-domaine-des-controles-de-detention-pour-le-petit-betail\/","title":{"rendered":"Responsable\u00a0pour le\u00a0domaine\u00a0des\u00a0contr\u00f4les de d\u00e9tention pour le petit b\u00e9tail\u00a0"},"content":{"rendered":"\n<div class=\"wp-block-group alignfull has-background-background-color has-background is-layout-constrained wp-block-group-is-layout-constrained\">\n<div class=\"wp-block-group is-content-justification-center is-layout-constrained wp-container-core-group-is-layout-84a809c4 wp-block-group-is-layout-constrained\"><div class=\"yoast-breadcrumbs\"><span><span><a href=\"https:\/\/mail.swiss-animal-protection.ch\/fr\/\">Page d\u2019accueil<\/a><\/span> \u00bb <span><a href=\"https:\/\/mail.swiss-animal-protection.ch\/fr\/la-psa\/\">La PSA<\/a><\/span> \u00bb <span><a href=\"https:\/\/mail.swiss-animal-protection.ch\/fr\/la-psa\/association\/\">Association<\/a><\/span> \u00bb <span><a href=\"https:\/\/tierschutz.com\/fr\/la-psa\/association\/emplois\/\">Emplois<\/a><\/span> \u00bb <span class=\"breadcrumb_last\" aria-current=\"page\">Responsable\u00a0pour le\u00a0domaine\u00a0des\u00a0contr\u00f4les de d\u00e9tention pour le petit b\u00e9tail\u00a0<\/span><\/span><\/div>\n\n\n<p>La&nbsp;<strong>Protection Suisse des Animaux PSA<\/strong>&nbsp;est l&#8217;organisation fa\u00eeti\u00e8re de 71 associations suisses de protection des animaux, ainsi que l&#8217;association de protection des animaux du Liechtenstein. La PSA est l&#8217;interlocuteur de la Conf\u00e9d\u00e9ration et des cantons. Elle s&#8217;implique dans tous les domaines, ainsi qu&#8217;\u00e0 tous les niveaux pour les animaux et leur protection.<\/p>\n\n\n\n<p>Le&nbsp;<strong>Centre de Comp\u00e9tence des Animaux de rente et le Service de Contr\u00f4le de la PSA<\/strong>&nbsp;est une instance de contr\u00f4le et d&#8217;expertise ind\u00e9pendante et cr\u00e9dible de la Protection Suisse des Animaux PSA. Il s&#8217;engage pour un mod\u00e8le d&#8217;application pratique et orient\u00e9 vers le futur dans les \u00e9tables, le commerce, le transport et les abattages. De plus, nous faisons un travail d&#8217;information et de sensibilisation dans le domaine de la d\u00e9tention des animaux de rente et nous nous impliquons politiquement pour eux et leurs int\u00e9r\u00eats.<\/p>\n\n\n\n<p>Afin de compl\u00e9ter notre \u00e9quipe, nous cherchons&nbsp;<strong>de suite ou \u00e0 convenir<\/strong><\/p>\n<\/div>\n\n\n\n<h1 class=\"wp-block-heading has-text-align-center\" id=\"h-responsable-pour-le-domaine-des-controles-de-detention-pour-le-petit-betail-taux-d-activite-60-100\"><strong>Responsable pour le domaine des contr\u00f4les de d\u00e9tention pour le petit b\u00e9tail (taux d&#8217;activit\u00e9 60\u2013100%)<\/strong><\/h1>\n\n\n\n<hr class=\"wp-block-separator has-text-color has-primary-color has-alpha-channel-opacity has-primary-background-color has-background\"\/>\n\n\n\n<div class=\"wp-block-group is-content-justification-center is-layout-constrained wp-container-core-group-is-layout-84a809c4 wp-block-group-is-layout-constrained\">\n<h3 class=\"wp-block-heading\" id=\"h-vos-taches\"><strong>Vos t\u00e2ches:<\/strong><\/h3>\n\n\n\n<ul class=\"wp-block-list\">\n<li>Planification, r\u00e9partition et pr\u00e9paration des contr\u00f4les, \u00e9change avec les personnes de la branche, traitement d&#8217;offres et de questions techniques.<\/li>\n\n\n\n<li>R\u00e9alisation de contr\u00f4les ainsi qu&#8217;adaptation des supports de contr\u00f4le selon nos nouvelles directives d&#8217;assurance qualit\u00e9 et nos mandataires (divers programmes de label suisses) dans le domaine des contr\u00f4les de d\u00e9tention du petit b\u00e9tail (volaille, lapins, etc.).<\/li>\n\n\n\n<li>Collaboration pour toutes les t\u00e2ches de contr\u00f4le de tous les domaines, ainsi que pour des projets sp\u00e9cifiques pour le d\u00e9veloppement de la d\u00e9tention animale.<\/li>\n\n\n\n<li>Nous effectuons des contr\u00f4les inopin\u00e9s de d\u00e9tention dans les exploitations agricoles, de transport d&#8217;animaux ainsi que dans les abattoirs dans toute la Suisse. L&#8217;intervention lors de transports d&#8217;animaux ou dans les abattoirs exige souvent du travail de nuit. Les contr\u00f4les sont r\u00e9alis\u00e9s seuls ou en \u00e9quipe.<\/li>\n<\/ul>\n\n\n\n<h3 class=\"wp-block-heading\" id=\"h-votre-profil\"><strong><strong>Votre profil:<\/strong><\/strong><\/h3>\n\n\n\n<ul class=\"wp-block-list\">\n<li>La protection des animaux vous tient \u00e0 c\u0153ur.<\/li>\n\n\n\n<li>Vous connaissez l&#8217;agriculture suisse, en particulier la d\u00e9tention animale, et vous disposez d&#8217;une formation dans le domaine de l&#8217;agronomie, de la m\u00e9decine v\u00e9t\u00e9rinaire ou une discipline similaire (ES, HES ou plus).<\/li>\n\n\n\n<li>Vous disposez de plusieurs ann\u00e9es d&#8217;exp\u00e9rience et\/ou une formation dans le domaine de la d\u00e9tention animale, du transport d&#8217;animaux, des abattoirs, de l&#8217;\u00e9thologie, du jugement d&#8217;animaux ou dans un domaine comparable. Des comp\u00e9tences techniques dans le domaine de la volaille sont atout.<\/li>\n\n\n\n<li>Vous savez travailler en \u00e9quipe, vous supportez la pression, vous \u00eates ouvert, vous savez vous affirmer et vous avez le flair pour les relations humaines.<\/li>\n\n\n\n<li>Vous poss\u00e9dez de bonnes connaissances en allemand et en fran\u00e7ais, \u00e0 l&#8217;\u00e9crit comme \u00e0 l&#8217;oral. Des connaissances en italien sont un atout.<\/li>\n\n\n\n<li>Vous \u00eates organis\u00e9, communicatif et \u00e0 l&#8217;aise avec les langues.<\/li>\n\n\n\n<li>Vous avez de tr\u00e8s bonnes connaissances en informatique.<\/li>\n\n\n\n<li>Vous poss\u00e9dez un permis de conduire de cat\u00e9gorie B et votre propre v\u00e9hicule.<\/li>\n<\/ul>\n\n\n\n<h3 class=\"wp-block-heading\" id=\"h-vos-opportunites\"><strong>Vos opportunit\u00e9s:<\/strong><\/h3>\n\n\n\n<ul class=\"wp-block-list\">\n<li>Nous vous offrons une activit\u00e9 int\u00e9ressante, autonome et sans lieu pr\u00e9d\u00e9fini, ainsi que de la flexibilit\u00e9 dans la r\u00e9partition de votre travail.<\/li>\n\n\n\n<li>Il existe la possibilit\u00e9 de prendre plus de responsabilit\u00e9s dans le cadre de travail sur des projets ou en tant que suppl\u00e9ant \u00e0 la direction du centre de comp\u00e9tence.<\/li>\n\n\n\n<li>Nous vous accueillons au sein d&#8217;une \u00e9quipe professionnelle et motiv\u00e9e et vous soutenons dans votre travail quotidien par des contacts \u00e9troits, un soutien professionnel et des possibilit\u00e9s de formation continue interne et externe.<\/li>\n\n\n\n<li>Nous travaillons de mani\u00e8re hybride, notre bureau se trouve \u00e0 Aarau, mais vous pouvez aussi effectuer une grande partie du travail \u00e0 partir de votre bureau \u00e0 domicile et vous visitez r\u00e9guli\u00e8rement des exploitations dans toute la Suisse.<\/li>\n<\/ul>\n\n\n\n<hr class=\"wp-block-separator has-text-color has-primary-color has-alpha-channel-opacity has-primary-background-color has-background\"\/>\n\n\n\n<p>Pour de plus amples informations, Madame Jessica Wagner (kontrolldienst@tierschutz.com) se tient \u00e0 votre disposition.<\/p>\n\n\n\n<p>Veuillez envoyer votre dossier de postulation complet par mail \u00e0 l&#8217;adresse:&nbsp;<a href=\"mailto:bewerbung@tierschutz.com\">bewerbung@tierschutz.com<\/a>, Madame Marion M\u00fcnzenmeier.<\/p>\n\n\n\n<p>PROTECTION SUISSE DES ANIMAUX PSA<br>Marion M\u00fcnzenmeier, Bureau des ressources humaines<br>Hungerb\u00fcelstrasse 22<br>8500 Frauenfeld<\/p>\n<\/div>\n<\/div>\n","protected":false},"excerpt":{"rendered":"<p>Afin de compl\u00e9ter notre \u00e9quipe, nous cherchons\u00a0de suite ou \u00e0 convenir un responsable pour le domaine des contr\u00f4les de d\u00e9tention pour le petit b\u00e9tail  (taux d&#8217;activit\u00e9 60\u2013100%)<\/p>\n","protected":false},"author":5,"featured_media":0,"parent":4543,"menu_order":258,"comment_status":"closed","ping_status":"closed","template":"","meta":{"_acf_changed":false,"inline_featured_image":false,"_vp_format_video_url":"","_vp_image_focal_point":[],"footnotes":""},"class_list":["post-27040","page","type-page","status-publish","hentry"],"acf":[],"yoast_head":"<!-- This site is optimized with the Yoast SEO Premium plugin v27.4 (Yoast SEO v27.4) - https:\/\/yoast.com\/product\/yoast-seo-premium-wordpress\/ -->\n<title>Responsable\u00a0pour le\u00a0domaine\u00a0des\u00a0contr\u00f4les de d\u00e9tention pour le petit b\u00e9tail\u00a0 - Protection Suisse des Animaux PSA<\/title>\n<meta name=\"description\" content=\"Afin de compl\u00e9ter notre \u00e9quipe, nous cherchons\u00a0de suite ou \u00e0 convenir un responsable pour le domaine des contr\u00f4les de d\u00e9tention pour le petit b\u00e9tail (taux d&#039;activit\u00e9 60\u2013100%)\" \/>\n<meta name=\"robots\" content=\"index, follow, max-snippet:-1, max-image-preview:large, max-video-preview:-1\" \/>\n<link rel=\"canonical\" href=\"https:\/\/sts-psa.ch\/fr\/la-psa\/association\/emplois\/responsable-pour-le-domaine-des-controles-de-detention-pour-le-petit-betail\/\" \/>\n<meta property=\"og:locale\" content=\"fr_FR\" \/>\n<meta property=\"og:type\" content=\"article\" \/>\n<meta property=\"og:title\" content=\"Responsable\u00a0pour le\u00a0domaine\u00a0des\u00a0contr\u00f4les de d\u00e9tention pour le petit b\u00e9tail\u00a0\" \/>\n<meta property=\"og:description\" content=\"Afin de compl\u00e9ter notre \u00e9quipe, nous cherchons\u00a0de suite ou \u00e0 convenir un responsable pour le domaine des contr\u00f4les de d\u00e9tention pour le petit b\u00e9tail (taux d&#039;activit\u00e9 60\u2013100%)\" \/>\n<meta property=\"og:url\" content=\"https:\/\/sts-psa.ch\/fr\/la-psa\/association\/emplois\/responsable-pour-le-domaine-des-controles-de-detention-pour-le-petit-betail\/\" \/>\n<meta property=\"og:site_name\" content=\"Protection Suisse des Animaux PSA\" \/>\n<meta property=\"article:publisher\" content=\"https:\/\/www.facebook.com\/schweizertierschutz\/\" \/>\n<meta property=\"article:modified_time\" content=\"2024-09-23T11:34:47+00:00\" \/>\n<meta name=\"twitter:card\" content=\"summary_large_image\" \/>\n<meta name=\"twitter:label1\" content=\"Dur\u00e9e de lecture estim\u00e9e\" \/>\n\t<meta name=\"twitter:data1\" content=\"4 minutes\" \/>\n<script type=\"application\/ld+json\" class=\"yoast-schema-graph\">{\"@context\":\"https:\\\/\\\/schema.org\",\"@graph\":[{\"@type\":\"WebPage\",\"@id\":\"https:\\\/\\\/sts-psa.ch\\\/fr\\\/la-psa\\\/association\\\/emplois\\\/responsable-pour-le-domaine-des-controles-de-detention-pour-le-petit-betail\\\/\",\"url\":\"https:\\\/\\\/sts-psa.ch\\\/fr\\\/la-psa\\\/association\\\/emplois\\\/responsable-pour-le-domaine-des-controles-de-detention-pour-le-petit-betail\\\/\",\"name\":\"Responsable\u00a0pour le\u00a0domaine\u00a0des\u00a0contr\u00f4les de d\u00e9tention pour le petit b\u00e9tail\u00a0 - Protection Suisse des Animaux PSA\",\"isPartOf\":{\"@id\":\"https:\\\/\\\/tierschutz.com\\\/it\\\/#website\"},\"datePublished\":\"2024-09-23T11:26:09+00:00\",\"dateModified\":\"2024-09-23T11:34:47+00:00\",\"description\":\"Afin de compl\u00e9ter notre \u00e9quipe, nous cherchons\u00a0de suite ou \u00e0 convenir un responsable pour le domaine des contr\u00f4les de d\u00e9tention pour le petit b\u00e9tail (taux d'activit\u00e9 60\u2013100%)\",\"breadcrumb\":{\"@id\":\"https:\\\/\\\/sts-psa.ch\\\/fr\\\/la-psa\\\/association\\\/emplois\\\/responsable-pour-le-domaine-des-controles-de-detention-pour-le-petit-betail\\\/#breadcrumb\"},\"inLanguage\":\"fr-FR\",\"potentialAction\":[{\"@type\":\"ReadAction\",\"target\":[\"https:\\\/\\\/sts-psa.ch\\\/fr\\\/la-psa\\\/association\\\/emplois\\\/responsable-pour-le-domaine-des-controles-de-detention-pour-le-petit-betail\\\/\"]}]},{\"@type\":\"BreadcrumbList\",\"@id\":\"https:\\\/\\\/sts-psa.ch\\\/fr\\\/la-psa\\\/association\\\/emplois\\\/responsable-pour-le-domaine-des-controles-de-detention-pour-le-petit-betail\\\/#breadcrumb\",\"itemListElement\":[{\"@type\":\"ListItem\",\"position\":1,\"name\":\"Page d\u2019accueil\",\"item\":\"https:\\\/\\\/mail.swiss-animal-protection.ch\\\/fr\\\/\"},{\"@type\":\"ListItem\",\"position\":2,\"name\":\"La PSA\",\"item\":\"https:\\\/\\\/mail.swiss-animal-protection.ch\\\/fr\\\/la-psa\\\/\"},{\"@type\":\"ListItem\",\"position\":3,\"name\":\"Association\",\"item\":\"https:\\\/\\\/mail.swiss-animal-protection.ch\\\/fr\\\/la-psa\\\/association\\\/\"},{\"@type\":\"ListItem\",\"position\":4,\"name\":\"Emplois\",\"item\":\"https:\\\/\\\/tierschutz.com\\\/fr\\\/la-psa\\\/association\\\/emplois\\\/\"},{\"@type\":\"ListItem\",\"position\":5,\"name\":\"Responsable\u00a0pour le\u00a0domaine\u00a0des\u00a0contr\u00f4les de d\u00e9tention pour le petit b\u00e9tail\u00a0\"}]},{\"@type\":\"WebSite\",\"@id\":\"https:\\\/\\\/tierschutz.com\\\/it\\\/#website\",\"url\":\"https:\\\/\\\/tierschutz.com\\\/it\\\/\",\"name\":\"tierschutz.com\",\"description\":\"Wir setzen uns f\u00fcr das Wohl der Tiere ein.\",\"publisher\":{\"@id\":\"https:\\\/\\\/tierschutz.com\\\/it\\\/#organization\"},\"alternateName\":\"Schweizer Tierschutz STS\",\"potentialAction\":[{\"@type\":\"SearchAction\",\"target\":{\"@type\":\"EntryPoint\",\"urlTemplate\":\"https:\\\/\\\/tierschutz.com\\\/it\\\/?s={search_term_string}\"},\"query-input\":{\"@type\":\"PropertyValueSpecification\",\"valueRequired\":true,\"valueName\":\"search_term_string\"}}],\"inLanguage\":\"fr-FR\"},{\"@type\":\"Organization\",\"@id\":\"https:\\\/\\\/tierschutz.com\\\/it\\\/#organization\",\"name\":\"Schweizer Tierschutz STS\",\"alternateName\":\"STS\",\"url\":\"https:\\\/\\\/tierschutz.com\\\/it\\\/\",\"logo\":{\"@type\":\"ImageObject\",\"inLanguage\":\"fr-FR\",\"@id\":\"https:\\\/\\\/tierschutz.com\\\/it\\\/#\\\/schema\\\/logo\\\/image\\\/\",\"url\":\"https:\\\/\\\/sts-psa.ch\\\/app\\\/uploads\\\/2024\\\/04\\\/logo-schweizer-tierschutz-sts-1.svg\",\"contentUrl\":\"https:\\\/\\\/sts-psa.ch\\\/app\\\/uploads\\\/2024\\\/04\\\/logo-schweizer-tierschutz-sts-1.svg\",\"caption\":\"Schweizer Tierschutz STS\"},\"image\":{\"@id\":\"https:\\\/\\\/tierschutz.com\\\/it\\\/#\\\/schema\\\/logo\\\/image\\\/\"},\"sameAs\":[\"https:\\\/\\\/www.facebook.com\\\/schweizertierschutz\\\/\",\"https:\\\/\\\/www.instagram.com\\\/schweizertierschutzsts\\\/\",\"https:\\\/\\\/www.youtube.com\\\/@STS_Tierschutz\",\"https:\\\/\\\/www.linkedin.com\\\/company\\\/schweizertierschutzsts\\\/\"],\"description\":\"Der Schweizer Tierschutz STS ist der Dachverband von 71 Tierschutzorganisationen in allen Sprachregionen der Schweiz und in Liechtenstein. Seine Mitarbeitenden leisten wissenschaftlich fundierte Grundlagenarbeit, setzen sich mit Projekten und Aktionen f\u00fcr den Schutz und das Wohlbefinden von Heim-, Wild-, Nutz- und Versuchstieren ein und sensibilisieren die \u00d6ffentlichkeit f\u00fcr Tierschutzthemen.\",\"email\":\"sts@tierschutz.com\",\"telephone\":\"061 365 99 99\",\"legalName\":\"Schweizer Tierschutz STS\"}]}<\/script>\n<!-- \/ Yoast SEO Premium plugin. -->","yoast_head_json":{"title":"Responsable\u00a0pour le\u00a0domaine\u00a0des\u00a0contr\u00f4les de d\u00e9tention pour le petit b\u00e9tail\u00a0 - Protection Suisse des Animaux PSA","description":"Afin de compl\u00e9ter notre \u00e9quipe, nous cherchons\u00a0de suite ou \u00e0 convenir un responsable pour le domaine des contr\u00f4les de d\u00e9tention pour le petit b\u00e9tail (taux d'activit\u00e9 60\u2013100%)","robots":{"index":"index","follow":"follow","max-snippet":"max-snippet:-1","max-image-preview":"max-image-preview:large","max-video-preview":"max-video-preview:-1"},"canonical":"https:\/\/sts-psa.ch\/fr\/la-psa\/association\/emplois\/responsable-pour-le-domaine-des-controles-de-detention-pour-le-petit-betail\/","og_locale":"fr_FR","og_type":"article","og_title":"Responsable\u00a0pour le\u00a0domaine\u00a0des\u00a0contr\u00f4les de d\u00e9tention pour le petit b\u00e9tail\u00a0","og_description":"Afin de compl\u00e9ter notre \u00e9quipe, nous cherchons\u00a0de suite ou \u00e0 convenir un responsable pour le domaine des contr\u00f4les de d\u00e9tention pour le petit b\u00e9tail (taux d'activit\u00e9 60\u2013100%)","og_url":"https:\/\/sts-psa.ch\/fr\/la-psa\/association\/emplois\/responsable-pour-le-domaine-des-controles-de-detention-pour-le-petit-betail\/","og_site_name":"Protection Suisse des Animaux PSA","article_publisher":"https:\/\/www.facebook.com\/schweizertierschutz\/","article_modified_time":"2024-09-23T11:34:47+00:00","twitter_card":"summary_large_image","twitter_misc":{"Dur\u00e9e de lecture estim\u00e9e":"4 minutes"},"schema":{"@context":"https:\/\/schema.org","@graph":[{"@type":"WebPage","@id":"https:\/\/sts-psa.ch\/fr\/la-psa\/association\/emplois\/responsable-pour-le-domaine-des-controles-de-detention-pour-le-petit-betail\/","url":"https:\/\/sts-psa.ch\/fr\/la-psa\/association\/emplois\/responsable-pour-le-domaine-des-controles-de-detention-pour-le-petit-betail\/","name":"Responsable\u00a0pour le\u00a0domaine\u00a0des\u00a0contr\u00f4les de d\u00e9tention pour le petit b\u00e9tail\u00a0 - Protection Suisse des Animaux PSA","isPartOf":{"@id":"https:\/\/tierschutz.com\/it\/#website"},"datePublished":"2024-09-23T11:26:09+00:00","dateModified":"2024-09-23T11:34:47+00:00","description":"Afin de compl\u00e9ter notre \u00e9quipe, nous cherchons\u00a0de suite ou \u00e0 convenir un responsable pour le domaine des contr\u00f4les de d\u00e9tention pour le petit b\u00e9tail (taux d'activit\u00e9 60\u2013100%)","breadcrumb":{"@id":"https:\/\/sts-psa.ch\/fr\/la-psa\/association\/emplois\/responsable-pour-le-domaine-des-controles-de-detention-pour-le-petit-betail\/#breadcrumb"},"inLanguage":"fr-FR","potentialAction":[{"@type":"ReadAction","target":["https:\/\/sts-psa.ch\/fr\/la-psa\/association\/emplois\/responsable-pour-le-domaine-des-controles-de-detention-pour-le-petit-betail\/"]}]},{"@type":"BreadcrumbList","@id":"https:\/\/sts-psa.ch\/fr\/la-psa\/association\/emplois\/responsable-pour-le-domaine-des-controles-de-detention-pour-le-petit-betail\/#breadcrumb","itemListElement":[{"@type":"ListItem","position":1,"name":"Page d\u2019accueil","item":"https:\/\/mail.swiss-animal-protection.ch\/fr\/"},{"@type":"ListItem","position":2,"name":"La PSA","item":"https:\/\/mail.swiss-animal-protection.ch\/fr\/la-psa\/"},{"@type":"ListItem","position":3,"name":"Association","item":"https:\/\/mail.swiss-animal-protection.ch\/fr\/la-psa\/association\/"},{"@type":"ListItem","position":4,"name":"Emplois","item":"https:\/\/tierschutz.com\/fr\/la-psa\/association\/emplois\/"},{"@type":"ListItem","position":5,"name":"Responsable\u00a0pour le\u00a0domaine\u00a0des\u00a0contr\u00f4les de d\u00e9tention pour le petit b\u00e9tail\u00a0"}]},{"@type":"WebSite","@id":"https:\/\/tierschutz.com\/it\/#website","url":"https:\/\/tierschutz.com\/it\/","name":"tierschutz.com","description":"Wir setzen uns f\u00fcr das Wohl der Tiere ein.","publisher":{"@id":"https:\/\/tierschutz.com\/it\/#organization"},"alternateName":"Schweizer Tierschutz STS","potentialAction":[{"@type":"SearchAction","target":{"@type":"EntryPoint","urlTemplate":"https:\/\/tierschutz.com\/it\/?s={search_term_string}"},"query-input":{"@type":"PropertyValueSpecification","valueRequired":true,"valueName":"search_term_string"}}],"inLanguage":"fr-FR"},{"@type":"Organization","@id":"https:\/\/tierschutz.com\/it\/#organization","name":"Schweizer Tierschutz STS","alternateName":"STS","url":"https:\/\/tierschutz.com\/it\/","logo":{"@type":"ImageObject","inLanguage":"fr-FR","@id":"https:\/\/tierschutz.com\/it\/#\/schema\/logo\/image\/","url":"https:\/\/sts-psa.ch\/app\/uploads\/2024\/04\/logo-schweizer-tierschutz-sts-1.svg","contentUrl":"https:\/\/sts-psa.ch\/app\/uploads\/2024\/04\/logo-schweizer-tierschutz-sts-1.svg","caption":"Schweizer Tierschutz STS"},"image":{"@id":"https:\/\/tierschutz.com\/it\/#\/schema\/logo\/image\/"},"sameAs":["https:\/\/www.facebook.com\/schweizertierschutz\/","https:\/\/www.instagram.com\/schweizertierschutzsts\/","https:\/\/www.youtube.com\/@STS_Tierschutz","https:\/\/www.linkedin.com\/company\/schweizertierschutzsts\/"],"description":"Der Schweizer Tierschutz STS ist der Dachverband von 71 Tierschutzorganisationen in allen Sprachregionen der Schweiz und in Liechtenstein. Seine Mitarbeitenden leisten wissenschaftlich fundierte Grundlagenarbeit, setzen sich mit Projekten und Aktionen f\u00fcr den Schutz und das Wohlbefinden von Heim-, Wild-, Nutz- und Versuchstieren ein und sensibilisieren die \u00d6ffentlichkeit f\u00fcr Tierschutzthemen.","email":"sts@tierschutz.com","telephone":"061 365 99 99","legalName":"Schweizer Tierschutz STS"}]}},"_links":{"self":[{"href":"https:\/\/sts-psa.ch\/fr\/wp-json\/wp\/v2\/pages\/27040","targetHints":{"allow":["GET"]}}],"collection":[{"href":"https:\/\/sts-psa.ch\/fr\/wp-json\/wp\/v2\/pages"}],"about":[{"href":"https:\/\/sts-psa.ch\/fr\/wp-json\/wp\/v2\/types\/page"}],"author":[{"embeddable":true,"href":"https:\/\/sts-psa.ch\/fr\/wp-json\/wp\/v2\/users\/5"}],"replies":[{"embeddable":true,"href":"https:\/\/sts-psa.ch\/fr\/wp-json\/wp\/v2\/comments?post=27040"}],"version-history":[{"count":3,"href":"https:\/\/sts-psa.ch\/fr\/wp-json\/wp\/v2\/pages\/27040\/revisions"}],"predecessor-version":[{"id":27046,"href":"https:\/\/sts-psa.ch\/fr\/wp-json\/wp\/v2\/pages\/27040\/revisions\/27046"}],"up":[{"embeddable":true,"href":"https:\/\/sts-psa.ch\/fr\/wp-json\/wp\/v2\/pages\/4543"}],"wp:attachment":[{"href":"https:\/\/sts-psa.ch\/fr\/wp-json\/wp\/v2\/media?parent=27040"}],"curies":[{"name":"wp","href":"https:\/\/api.w.org\/{rel}","templated":true}]}}