{"id":34343,"date":"2025-08-19T11:05:58","date_gmt":"2025-08-19T09:05:58","guid":{"rendered":"https:\/\/tierschutz.com\/donner-un-foyer-aux-animaux\/"},"modified":"2025-11-10T16:24:34","modified_gmt":"2025-11-10T15:24:34","slug":"donner-un-foyer-aux-animaux","status":"publish","type":"page","link":"https:\/\/sts-psa.ch\/fr\/donner-un-foyer-aux-animaux\/","title":{"rendered":"Donner un foyer aux animaux"},"content":{"rendered":"\n<div class=\"wp-block-cover alignfull\"><span aria-hidden=\"true\" class=\"wp-block-cover__background has-background-dim-20 has-background-dim\" style=\"background-color:#85766a\"><\/span><img loading=\"lazy\" decoding=\"async\" width=\"1024\" height=\"682\" src=\"https:\/\/sts-psa.ch\/app\/uploads\/2023\/06\/sts-tier-abgeben-1024x682.jpg\" class=\"wp-block-cover__image-background wp-post-image\" alt=\"Oranger Hund der gespannt aus einem Fenster schaut.\" data-object-fit=\"cover\" srcset=\"https:\/\/sts-psa.ch\/app\/uploads\/2023\/06\/sts-tier-abgeben-1024x682.jpg 1024w, https:\/\/sts-psa.ch\/app\/uploads\/2023\/06\/sts-tier-abgeben-300x200.jpg 300w, https:\/\/sts-psa.ch\/app\/uploads\/2023\/06\/sts-tier-abgeben-768x512.jpg 768w, https:\/\/sts-psa.ch\/app\/uploads\/2023\/06\/sts-tier-abgeben-1536x1023.jpg 1536w, https:\/\/sts-psa.ch\/app\/uploads\/2023\/06\/sts-tier-abgeben.jpg 1920w\" sizes=\"auto, (max-width: 1024px) 100vw, 1024px\" \/><div class=\"wp-block-cover__inner-container is-layout-flow wp-block-cover-is-layout-flow\">\n<h2 class=\"wp-block-heading has-text-align-center has-background-color has-text-color\" id=\"h-donner-un-foyer-aux-animaux\"><strong><strong><strong>Donner un foyer aux animaux<\/strong><\/strong><\/strong><\/h2>\n<\/div><\/div>\n\n\n\n<div class=\"wp-block-group alignfull anchor-bar has-lightgray-background-color has-background is-layout-constrained wp-block-group-is-layout-constrained\">\n<div class=\"wp-block-group is-content-justification-space-between is-layout-flex wp-container-core-group-is-layout-9366075c wp-block-group-is-layout-flex\">\n<p class=\"has-large-font-size\"><strong><a href=\"#about\">De quoi s&#8217;agit-il ?<\/a><\/strong><\/p>\n\n\n\n<p><a href=\"#spenden\"><strong>Faire un don maintenant<\/strong><\/a><\/p>\n\n\n\n<p class=\"has-large-font-size\"><strong><a href=\"#spendenaktion\">Campagne de financement 2025<\/a><\/strong><\/p>\n<\/div>\n<\/div>\n\n\n\n<div class=\"wp-block-group alignfull has-background-background-color has-background is-layout-constrained wp-block-group-is-layout-constrained\" id=\"about\">\n<h2 class=\"wp-block-heading has-text-align-center\" id=\"h-chaque-animal-merite-un-foyer-attentionne\"><strong><strong>Chaque animal m\u00e9rite un foyer attentionn\u00e9<\/strong><\/strong><\/h2>\n\n\n\n<hr class=\"wp-block-separator has-text-color has-primary-color has-alpha-channel-opacity has-primary-background-color has-background\"\/>\n\n\n\n<p class=\"has-text-align-center has-large-font-size\">Le 4 octobre, la Journ\u00e9e mondiale des animaux rappelle la souffrance des animaux dans le monde et l&#8217;importance de notre engagement en leur faveur. \u00c0 cette occasion, nous souhaitons attirer l&#8217;attention sur un sujet qui nous tient \u00e0 c\u0153ur : l&#8217;adoption d&#8217;animaux. <\/p>\n\n\n\n<p class=\"has-text-align-left\">D&#8217;innombrables chiens, chats, cochons d&#8217;Inde, tortues et autres animaux attendent actuellement un nouveau foyer dans les refuges suisses. Pour les animaux \u00e2g\u00e9s et difficiles \u00e0 placer qui ne sont pas adopt\u00e9s, le refuge reste g\u00e9n\u00e9ralement leur dernier foyer. Les personnes qui s&#8217;en occupent sont pour eux les personnes les plus proches.  <\/p>\n\n\n\n<p class=\"has-text-align-left\">La Protection Suisse des Animaux PSA s&#8217;engage pour une m\u00e9diation animale s\u00e9rieuse, transparente et responsable. Avec le fonds de la PSA pour les animaux de compagnie \u00e2g\u00e9s et difficiles \u00e0 placer et notre plateforme <strong><a href=\"https:\/\/tierschutz.com\/fr\/placement-danimaux\/prudence-lors-de-lachat-danimaux\/adopt-a-pet\/\">Adopt a Pet<\/a><\/strong> nous aidons les refuges des sections de la PSA \u00e0 trouver de nouvelles familles pour leurs prot\u00e9g\u00e9s. <\/p>\n<\/div>\n\n\n\n<div class=\"wp-block-media-text alignwide is-stacked-on-mobile is-vertically-aligned-center\"><figure class=\"wp-block-media-text__media\"><img loading=\"lazy\" decoding=\"async\" width=\"1024\" height=\"683\" src=\"https:\/\/tierschutz.com\/app\/uploads\/2023\/05\/schweizer-tierschutz-tier-adoptieren-1024x683.jpg\" alt=\"B\u00e9b\u00e9 chat sortant d'une valise de transport\" class=\"wp-image-472 size-full\" srcset=\"https:\/\/sts-psa.ch\/app\/uploads\/2023\/05\/schweizer-tierschutz-tier-adoptieren-1024x683.jpg 1024w, https:\/\/sts-psa.ch\/app\/uploads\/2023\/05\/schweizer-tierschutz-tier-adoptieren-300x200.jpg 300w, https:\/\/sts-psa.ch\/app\/uploads\/2023\/05\/schweizer-tierschutz-tier-adoptieren-768x512.jpg 768w, https:\/\/sts-psa.ch\/app\/uploads\/2023\/05\/schweizer-tierschutz-tier-adoptieren-1536x1024.jpg 1536w, https:\/\/sts-psa.ch\/app\/uploads\/2023\/05\/schweizer-tierschutz-tier-adoptieren-2048x1365.jpg 2048w\" sizes=\"auto, (max-width: 1024px) 100vw, 1024px\" \/><\/figure><div class=\"wp-block-media-text__content\">\n<div class=\"wp-block-group is-style-shadow-box has-background-background-color has-background is-layout-constrained wp-block-group-is-layout-constrained\">\n<h3 class=\"wp-block-heading\" id=\"h-pourquoi-les-animaux-sont-ils-abandonnes\"><strong><strong><strong>Pourquoi les animaux sont-ils abandonn\u00e9s ?<\/strong><\/strong><\/strong><\/h3>\n\n\n\n<p>Les raisons sont tr\u00e8s diverses. Il s&#8217;agit souvent d&#8217;un manque de temps, d&#8217;une s\u00e9paration, de difficult\u00e9s financi\u00e8res, d&#8217;un d\u00e9m\u00e9nagement, d&#8217;un d\u00e9c\u00e8s, d&#8217;une confiscation ou d&#8217;une allergie soudaine. L&#8217;abandon est \u00e9galement souvent motiv\u00e9 par un surmenage, lorsque l&#8217;animal est trop vif ou trop \u00e2g\u00e9 et ne convient plus \u00e0 la vie de ses ma\u00eetres.  <\/p>\n\n\n\n<p>Il ne s&#8217;agit pas d&#8217;une condamnation, mais d&#8217;un appel : Donnons une seconde chance \u00e0 tous ces animaux, car ils ne m\u00e9ritent pas seulement un foyer attentionn\u00e9, ils en ont besoin.<\/p>\n<\/div>\n<\/div><\/div>\n\n\n\n<div class=\"wp-block-group alignfull has-background-background-color has-background is-layout-constrained wp-block-group-is-layout-constrained\">\n<div class=\"wp-block-group is-layout-flex wp-container-core-group-is-layout-d0921e6e wp-block-group-is-layout-flex\">\n<div class=\"wp-block-group is-style-shadow-box width100 has-background-background-color has-background is-layout-constrained wp-block-group-is-layout-constrained\">\n<h3 class=\"wp-block-heading has-text-align-center\" id=\"h-faites-un-don-maintenant-et-offrez-un-foyer-aux-animaux\"><strong>Faites un don maintenant et offrez un foyer aux animaux<\/strong><\/h3>\n\n\n\n<hr class=\"wp-block-separator has-text-color has-primary-color has-alpha-channel-opacity has-primary-background-color has-background\"\/>\n\n\n\n<p>Avec votre don, vous soutenez les refuges des sections de la PSA dans toute la Suisse et contribuez \u00e0 assurer un placement d&#8217;animaux s\u00e9rieux et durable. Vous nous aidez ainsi \u00e0 offrir aux animaux un foyer aimant et \u00e0 effectuer un important travail d&#8217;information autour de l&#8217;adoption d&#8217;animaux. <\/p>\n<\/div>\n<\/div>\n\n\n\n<div style=\"height:3em\" aria-hidden=\"true\" class=\"wp-block-spacer\"><\/div>\n\n\n\n<div id=\"spenden\" class=\"wp-block-group is-layout-constrained wp-block-group-is-layout-constrained\">\n<div style=\"max-width:1000px;margin:0 auto\">\n<iframe loading=\"lazy\" src=\"https:\/\/tierschutz.payrexx.com\/fr\/pay?cid=5e94e43e&#038;hide_description=1&#038;appview=1\" allow=\"payment *\" width=\"100%\" height=\"1200\" style=\"border:0;\" id=\"payrexx-embed\"><\/iframe>\n<\/div>\n<\/div>\n<\/div>\n\n\n\n<div class=\"wp-block-group alignfull has-background-background-color has-background is-layout-constrained wp-block-group-is-layout-constrained\">\n<div class=\"wp-block-group is-layout-flex wp-container-core-group-is-layout-d0921e6e wp-block-group-is-layout-flex\">\n<div id=\"spendenaktion\" class=\"wp-block-group is-style-shadow-box width100 has-background-background-color has-background is-layout-constrained wp-block-group-is-layout-constrained\">\n<h3 class=\"wp-block-heading has-text-align-center\" id=\"h-collecte-de-fonds-pour-la-journee-mondiale-des-animaux-2025\"><strong>Collecte de fonds pour la Journ\u00e9e mondiale des animaux 2025<\/strong><\/h3>\n\n\n\n<hr class=\"wp-block-separator has-text-color has-primary-color has-alpha-channel-opacity has-primary-background-color has-background\"\/>\n\n\n\n<p>\u00c0 l&#8217;occasion de la Journ\u00e9e mondiale des animaux 2025, Whiskas<sup>\u00ae<\/sup>, Pedigree<sup>\u00ae<\/sup>, Coop et JUMBO nous soutiennent du 2 au 15 octobre 2025 avec la campagne de dons <a href=\"https:\/\/www.welttiertag.ch\/fr-ch\" target=\"_blank\" rel=\"noreferrer noopener\">\u00ab Partagez leurs moments de bonheur \u00bb.<\/a> Les recettes sont revers\u00e9es pour moiti\u00e9 au Fonds PSA pour les Animaux de compagnie \u00e2g\u00e9s et difficiles \u00e0 placer, et pour moiti\u00e9 au travail de placement d\u2019animaux de la PSA.<\/p>\n\n\n\n<p>Un grand merci \u00e0 tous ceux qui participent. Ensemble, nous aidons les animaux de compagnie \u00e0 trouver un nouveau foyer. <\/p>\n\n\n<\/div>\n<\/div>\n<\/div>\n\n\n\n<p><\/p>\n","protected":false},"excerpt":{"rendered":"<p>Le 4 octobre, la Journ\u00e9e mondiale des animaux rappelle la souffrance des animaux dans le monde et l&#8217;importance de notre engagement en leur faveur. \u00c0 cette occasion, nous souhaitons attirer l&#8217;attention sur un sujet qui nous tient \u00e0 c\u0153ur : l&#8217;adoption d&#8217;animaux. <\/p>\n","protected":false},"author":5,"featured_media":4777,"parent":0,"menu_order":31,"comment_status":"closed","ping_status":"closed","template":"","meta":{"_acf_changed":false,"inline_featured_image":false,"_vp_format_video_url":"","_vp_image_focal_point":[],"footnotes":""},"class_list":["post-34343","page","type-page","status-publish","has-post-thumbnail","hentry"],"acf":[],"yoast_head":"<!-- This site is optimized with the Yoast SEO Premium plugin v27.4 (Yoast SEO v27.4) - https:\/\/yoast.com\/product\/yoast-seo-premium-wordpress\/ -->\n<title>Donner un foyer aux animaux - Protection Suisse des Animaux PSA<\/title>\n<meta name=\"description\" content=\"Le 4 octobre, la Journ\u00e9e mondiale des animaux rappelle la souffrance animale dans le monde. \u00c0 cette occasion, nous souhaitons attirer l&#039;attention sur un sujet qui nous tient \u00e0 c\u0153ur : l&#039;adoption d&#039;animaux.\" \/>\n<meta name=\"robots\" content=\"index, follow, max-snippet:-1, max-image-preview:large, max-video-preview:-1\" \/>\n<link rel=\"canonical\" href=\"https:\/\/sts-psa.ch\/fr\/donner-un-foyer-aux-animaux\/\" \/>\n<meta property=\"og:locale\" content=\"fr_FR\" \/>\n<meta property=\"og:type\" content=\"article\" \/>\n<meta property=\"og:title\" content=\"Donner un foyer aux animaux\" \/>\n<meta property=\"og:description\" content=\"Le 4 octobre, la Journ\u00e9e mondiale des animaux rappelle la souffrance animale dans le monde. \u00c0 cette occasion, nous souhaitons attirer l&#039;attention sur un sujet qui nous tient \u00e0 c\u0153ur : l&#039;adoption d&#039;animaux.\" \/>\n<meta property=\"og:url\" content=\"https:\/\/sts-psa.ch\/fr\/donner-un-foyer-aux-animaux\/\" \/>\n<meta property=\"og:site_name\" content=\"Protection Suisse des Animaux PSA\" \/>\n<meta property=\"article:publisher\" content=\"https:\/\/www.facebook.com\/schweizertierschutz\/\" \/>\n<meta property=\"article:modified_time\" content=\"2025-11-10T15:24:34+00:00\" \/>\n<meta property=\"og:image\" content=\"https:\/\/mail.protezione-animali-psa.ch\/app\/uploads\/2023\/06\/sts-tier-abgeben.jpg\" \/>\n\t<meta property=\"og:image:width\" content=\"1920\" \/>\n\t<meta property=\"og:image:height\" content=\"1279\" \/>\n\t<meta property=\"og:image:type\" content=\"image\/jpeg\" \/>\n<meta name=\"twitter:card\" content=\"summary_large_image\" \/>\n<meta name=\"twitter:label1\" content=\"Dur\u00e9e de lecture estim\u00e9e\" \/>\n\t<meta name=\"twitter:data1\" content=\"4 minutes\" \/>\n<script type=\"application\/ld+json\" class=\"yoast-schema-graph\">{\"@context\":\"https:\\\/\\\/schema.org\",\"@graph\":[{\"@type\":\"WebPage\",\"@id\":\"https:\\\/\\\/sts-psa.ch\\\/fr\\\/donner-un-foyer-aux-animaux\\\/\",\"url\":\"https:\\\/\\\/sts-psa.ch\\\/fr\\\/donner-un-foyer-aux-animaux\\\/\",\"name\":\"Donner un foyer aux animaux - Protection Suisse des Animaux PSA\",\"isPartOf\":{\"@id\":\"https:\\\/\\\/tierschutz.com\\\/it\\\/#website\"},\"primaryImageOfPage\":{\"@id\":\"https:\\\/\\\/sts-psa.ch\\\/fr\\\/donner-un-foyer-aux-animaux\\\/#primaryimage\"},\"image\":{\"@id\":\"https:\\\/\\\/sts-psa.ch\\\/fr\\\/donner-un-foyer-aux-animaux\\\/#primaryimage\"},\"thumbnailUrl\":\"https:\\\/\\\/sts-psa.ch\\\/app\\\/uploads\\\/2023\\\/06\\\/sts-tier-abgeben.jpg\",\"datePublished\":\"2025-08-19T09:05:58+00:00\",\"dateModified\":\"2025-11-10T15:24:34+00:00\",\"description\":\"Le 4 octobre, la Journ\u00e9e mondiale des animaux rappelle la souffrance animale dans le monde. \u00c0 cette occasion, nous souhaitons attirer l'attention sur un sujet qui nous tient \u00e0 c\u0153ur : l'adoption d'animaux.\",\"breadcrumb\":{\"@id\":\"https:\\\/\\\/sts-psa.ch\\\/fr\\\/donner-un-foyer-aux-animaux\\\/#breadcrumb\"},\"inLanguage\":\"fr-FR\",\"potentialAction\":[{\"@type\":\"ReadAction\",\"target\":[\"https:\\\/\\\/sts-psa.ch\\\/fr\\\/donner-un-foyer-aux-animaux\\\/\"]}]},{\"@type\":\"ImageObject\",\"inLanguage\":\"fr-FR\",\"@id\":\"https:\\\/\\\/sts-psa.ch\\\/fr\\\/donner-un-foyer-aux-animaux\\\/#primaryimage\",\"url\":\"https:\\\/\\\/sts-psa.ch\\\/app\\\/uploads\\\/2023\\\/06\\\/sts-tier-abgeben.jpg\",\"contentUrl\":\"https:\\\/\\\/sts-psa.ch\\\/app\\\/uploads\\\/2023\\\/06\\\/sts-tier-abgeben.jpg\",\"width\":1920,\"height\":1279,\"caption\":\"Oranger Hund der gespannt aus einem Fenster schaut.\"},{\"@type\":\"BreadcrumbList\",\"@id\":\"https:\\\/\\\/sts-psa.ch\\\/fr\\\/donner-un-foyer-aux-animaux\\\/#breadcrumb\",\"itemListElement\":[{\"@type\":\"ListItem\",\"position\":1,\"name\":\"Page d\u2019accueil\",\"item\":\"https:\\\/\\\/mail.swiss-animal-protection.ch\\\/fr\\\/\"},{\"@type\":\"ListItem\",\"position\":2,\"name\":\"Donner un foyer aux animaux\"}]},{\"@type\":\"WebSite\",\"@id\":\"https:\\\/\\\/tierschutz.com\\\/it\\\/#website\",\"url\":\"https:\\\/\\\/tierschutz.com\\\/it\\\/\",\"name\":\"tierschutz.com\",\"description\":\"Wir setzen uns f\u00fcr das Wohl der Tiere ein.\",\"publisher\":{\"@id\":\"https:\\\/\\\/tierschutz.com\\\/it\\\/#organization\"},\"alternateName\":\"Schweizer Tierschutz STS\",\"potentialAction\":[{\"@type\":\"SearchAction\",\"target\":{\"@type\":\"EntryPoint\",\"urlTemplate\":\"https:\\\/\\\/tierschutz.com\\\/it\\\/?s={search_term_string}\"},\"query-input\":{\"@type\":\"PropertyValueSpecification\",\"valueRequired\":true,\"valueName\":\"search_term_string\"}}],\"inLanguage\":\"fr-FR\"},{\"@type\":\"Organization\",\"@id\":\"https:\\\/\\\/tierschutz.com\\\/it\\\/#organization\",\"name\":\"Schweizer Tierschutz STS\",\"alternateName\":\"STS\",\"url\":\"https:\\\/\\\/tierschutz.com\\\/it\\\/\",\"logo\":{\"@type\":\"ImageObject\",\"inLanguage\":\"fr-FR\",\"@id\":\"https:\\\/\\\/tierschutz.com\\\/it\\\/#\\\/schema\\\/logo\\\/image\\\/\",\"url\":\"https:\\\/\\\/sts-psa.ch\\\/app\\\/uploads\\\/2024\\\/04\\\/logo-schweizer-tierschutz-sts-1.svg\",\"contentUrl\":\"https:\\\/\\\/sts-psa.ch\\\/app\\\/uploads\\\/2024\\\/04\\\/logo-schweizer-tierschutz-sts-1.svg\",\"caption\":\"Schweizer Tierschutz STS\"},\"image\":{\"@id\":\"https:\\\/\\\/tierschutz.com\\\/it\\\/#\\\/schema\\\/logo\\\/image\\\/\"},\"sameAs\":[\"https:\\\/\\\/www.facebook.com\\\/schweizertierschutz\\\/\",\"https:\\\/\\\/www.instagram.com\\\/schweizertierschutzsts\\\/\",\"https:\\\/\\\/www.youtube.com\\\/@STS_Tierschutz\",\"https:\\\/\\\/www.linkedin.com\\\/company\\\/schweizertierschutzsts\\\/\"],\"description\":\"Der Schweizer Tierschutz STS ist der Dachverband von 71 Tierschutzorganisationen in allen Sprachregionen der Schweiz und in Liechtenstein. Seine Mitarbeitenden leisten wissenschaftlich fundierte Grundlagenarbeit, setzen sich mit Projekten und Aktionen f\u00fcr den Schutz und das Wohlbefinden von Heim-, Wild-, Nutz- und Versuchstieren ein und sensibilisieren die \u00d6ffentlichkeit f\u00fcr Tierschutzthemen.\",\"email\":\"sts@tierschutz.com\",\"telephone\":\"061 365 99 99\",\"legalName\":\"Schweizer Tierschutz STS\"}]}<\/script>\n<!-- \/ Yoast SEO Premium plugin. -->","yoast_head_json":{"title":"Donner un foyer aux animaux - Protection Suisse des Animaux PSA","description":"Le 4 octobre, la Journ\u00e9e mondiale des animaux rappelle la souffrance animale dans le monde. \u00c0 cette occasion, nous souhaitons attirer l'attention sur un sujet qui nous tient \u00e0 c\u0153ur : l'adoption d'animaux.","robots":{"index":"index","follow":"follow","max-snippet":"max-snippet:-1","max-image-preview":"max-image-preview:large","max-video-preview":"max-video-preview:-1"},"canonical":"https:\/\/sts-psa.ch\/fr\/donner-un-foyer-aux-animaux\/","og_locale":"fr_FR","og_type":"article","og_title":"Donner un foyer aux animaux","og_description":"Le 4 octobre, la Journ\u00e9e mondiale des animaux rappelle la souffrance animale dans le monde. \u00c0 cette occasion, nous souhaitons attirer l'attention sur un sujet qui nous tient \u00e0 c\u0153ur : l'adoption d'animaux.","og_url":"https:\/\/sts-psa.ch\/fr\/donner-un-foyer-aux-animaux\/","og_site_name":"Protection Suisse des Animaux PSA","article_publisher":"https:\/\/www.facebook.com\/schweizertierschutz\/","article_modified_time":"2025-11-10T15:24:34+00:00","og_image":[{"width":1920,"height":1279,"url":"https:\/\/mail.protezione-animali-psa.ch\/app\/uploads\/2023\/06\/sts-tier-abgeben.jpg","type":"image\/jpeg"}],"twitter_card":"summary_large_image","twitter_misc":{"Dur\u00e9e de lecture estim\u00e9e":"4 minutes"},"schema":{"@context":"https:\/\/schema.org","@graph":[{"@type":"WebPage","@id":"https:\/\/sts-psa.ch\/fr\/donner-un-foyer-aux-animaux\/","url":"https:\/\/sts-psa.ch\/fr\/donner-un-foyer-aux-animaux\/","name":"Donner un foyer aux animaux - Protection Suisse des Animaux PSA","isPartOf":{"@id":"https:\/\/tierschutz.com\/it\/#website"},"primaryImageOfPage":{"@id":"https:\/\/sts-psa.ch\/fr\/donner-un-foyer-aux-animaux\/#primaryimage"},"image":{"@id":"https:\/\/sts-psa.ch\/fr\/donner-un-foyer-aux-animaux\/#primaryimage"},"thumbnailUrl":"https:\/\/sts-psa.ch\/app\/uploads\/2023\/06\/sts-tier-abgeben.jpg","datePublished":"2025-08-19T09:05:58+00:00","dateModified":"2025-11-10T15:24:34+00:00","description":"Le 4 octobre, la Journ\u00e9e mondiale des animaux rappelle la souffrance animale dans le monde. \u00c0 cette occasion, nous souhaitons attirer l'attention sur un sujet qui nous tient \u00e0 c\u0153ur : l'adoption d'animaux.","breadcrumb":{"@id":"https:\/\/sts-psa.ch\/fr\/donner-un-foyer-aux-animaux\/#breadcrumb"},"inLanguage":"fr-FR","potentialAction":[{"@type":"ReadAction","target":["https:\/\/sts-psa.ch\/fr\/donner-un-foyer-aux-animaux\/"]}]},{"@type":"ImageObject","inLanguage":"fr-FR","@id":"https:\/\/sts-psa.ch\/fr\/donner-un-foyer-aux-animaux\/#primaryimage","url":"https:\/\/sts-psa.ch\/app\/uploads\/2023\/06\/sts-tier-abgeben.jpg","contentUrl":"https:\/\/sts-psa.ch\/app\/uploads\/2023\/06\/sts-tier-abgeben.jpg","width":1920,"height":1279,"caption":"Oranger Hund der gespannt aus einem Fenster schaut."},{"@type":"BreadcrumbList","@id":"https:\/\/sts-psa.ch\/fr\/donner-un-foyer-aux-animaux\/#breadcrumb","itemListElement":[{"@type":"ListItem","position":1,"name":"Page d\u2019accueil","item":"https:\/\/mail.swiss-animal-protection.ch\/fr\/"},{"@type":"ListItem","position":2,"name":"Donner un foyer aux animaux"}]},{"@type":"WebSite","@id":"https:\/\/tierschutz.com\/it\/#website","url":"https:\/\/tierschutz.com\/it\/","name":"tierschutz.com","description":"Wir setzen uns f\u00fcr das Wohl der Tiere ein.","publisher":{"@id":"https:\/\/tierschutz.com\/it\/#organization"},"alternateName":"Schweizer Tierschutz STS","potentialAction":[{"@type":"SearchAction","target":{"@type":"EntryPoint","urlTemplate":"https:\/\/tierschutz.com\/it\/?s={search_term_string}"},"query-input":{"@type":"PropertyValueSpecification","valueRequired":true,"valueName":"search_term_string"}}],"inLanguage":"fr-FR"},{"@type":"Organization","@id":"https:\/\/tierschutz.com\/it\/#organization","name":"Schweizer Tierschutz STS","alternateName":"STS","url":"https:\/\/tierschutz.com\/it\/","logo":{"@type":"ImageObject","inLanguage":"fr-FR","@id":"https:\/\/tierschutz.com\/it\/#\/schema\/logo\/image\/","url":"https:\/\/sts-psa.ch\/app\/uploads\/2024\/04\/logo-schweizer-tierschutz-sts-1.svg","contentUrl":"https:\/\/sts-psa.ch\/app\/uploads\/2024\/04\/logo-schweizer-tierschutz-sts-1.svg","caption":"Schweizer Tierschutz STS"},"image":{"@id":"https:\/\/tierschutz.com\/it\/#\/schema\/logo\/image\/"},"sameAs":["https:\/\/www.facebook.com\/schweizertierschutz\/","https:\/\/www.instagram.com\/schweizertierschutzsts\/","https:\/\/www.youtube.com\/@STS_Tierschutz","https:\/\/www.linkedin.com\/company\/schweizertierschutzsts\/"],"description":"Der Schweizer Tierschutz STS ist der Dachverband von 71 Tierschutzorganisationen in allen Sprachregionen der Schweiz und in Liechtenstein. Seine Mitarbeitenden leisten wissenschaftlich fundierte Grundlagenarbeit, setzen sich mit Projekten und Aktionen f\u00fcr den Schutz und das Wohlbefinden von Heim-, Wild-, Nutz- und Versuchstieren ein und sensibilisieren die \u00d6ffentlichkeit f\u00fcr Tierschutzthemen.","email":"sts@tierschutz.com","telephone":"061 365 99 99","legalName":"Schweizer Tierschutz STS"}]}},"_links":{"self":[{"href":"https:\/\/sts-psa.ch\/fr\/wp-json\/wp\/v2\/pages\/34343","targetHints":{"allow":["GET"]}}],"collection":[{"href":"https:\/\/sts-psa.ch\/fr\/wp-json\/wp\/v2\/pages"}],"about":[{"href":"https:\/\/sts-psa.ch\/fr\/wp-json\/wp\/v2\/types\/page"}],"author":[{"embeddable":true,"href":"https:\/\/sts-psa.ch\/fr\/wp-json\/wp\/v2\/users\/5"}],"replies":[{"embeddable":true,"href":"https:\/\/sts-psa.ch\/fr\/wp-json\/wp\/v2\/comments?post=34343"}],"version-history":[{"count":5,"href":"https:\/\/sts-psa.ch\/fr\/wp-json\/wp\/v2\/pages\/34343\/revisions"}],"predecessor-version":[{"id":35166,"href":"https:\/\/sts-psa.ch\/fr\/wp-json\/wp\/v2\/pages\/34343\/revisions\/35166"}],"wp:featuredmedia":[{"embeddable":true,"href":"https:\/\/sts-psa.ch\/fr\/wp-json\/wp\/v2\/media\/4777"}],"wp:attachment":[{"href":"https:\/\/sts-psa.ch\/fr\/wp-json\/wp\/v2\/media?parent=34343"}],"curies":[{"name":"wp","href":"https:\/\/api.w.org\/{rel}","templated":true}]}}