{"id":6082,"date":"2023-05-31T14:31:20","date_gmt":"2023-05-31T12:31:20","guid":{"rendered":"https:\/\/dev.tierschutz.com\/?post_type=project&#038;p=6082"},"modified":"2023-06-28T17:21:12","modified_gmt":"2023-06-28T15:21:12","slug":"detenzione-privata-di-polli","status":"publish","type":"project","link":"https:\/\/sts-psa.ch\/it\/project\/detenzione-privata-di-polli\/","title":{"rendered":"Detenzione privata di polli"},"content":{"rendered":"\n<div class=\"wp-block-cover alignfull is-light\"><span aria-hidden=\"true\" class=\"wp-block-cover__background has-background-dim-20 has-background-dim\"><\/span><img loading=\"lazy\" decoding=\"async\" width=\"1416\" height=\"910\" class=\"wp-block-cover__image-background wp-image-2179\" alt=\"Ein braunes Huhn vor verschwommenen Hintergrund\" src=\"https:\/\/tierschutz.com\/app\/uploads\/2023\/05\/STS-Private-Huehnerhaltung.jpg\" style=\"object-position:50% 9%\" data-object-fit=\"cover\" data-object-position=\"50% 9%\" srcset=\"https:\/\/sts-psa.ch\/app\/uploads\/2023\/05\/STS-Private-Huehnerhaltung.jpg 1416w, https:\/\/sts-psa.ch\/app\/uploads\/2023\/05\/STS-Private-Huehnerhaltung-300x193.jpg 300w, https:\/\/sts-psa.ch\/app\/uploads\/2023\/05\/STS-Private-Huehnerhaltung-1024x658.jpg 1024w, https:\/\/sts-psa.ch\/app\/uploads\/2023\/05\/STS-Private-Huehnerhaltung-768x494.jpg 768w\" sizes=\"auto, (max-width: 1416px) 100vw, 1416px\" \/><div class=\"wp-block-cover__inner-container is-layout-flow wp-block-cover-is-layout-flow\">\n<h2 class=\"wp-block-heading has-text-align-center has-background-color has-text-color\"><strong>Detenzione privata di polli<\/strong><\/h2>\n<\/div><\/div>\n\n\n\n<div class=\"wp-block-group alignfull has-background-background-color has-background is-layout-constrained wp-block-group-is-layout-constrained\">\n<h1 class=\"wp-block-heading has-text-align-center\"><strong><strong>Detenzione privata di polli \u2013 Gli aspetti pi\u00f9 importanti in breve&nbsp;<\/strong><\/strong><\/h1>\n\n\n\n<hr class=\"wp-block-separator has-text-color has-primary-color has-alpha-channel-opacity has-primary-background-color has-background\"\/>\n\n\n\n<p class=\"has-text-align-center\">La detenzione privata di polli \u00e8 molto popolare in Svizzera. Prima di procedere all\u2019acquisto \u00e8 fondamentale informarsi in modo approfondito in merito alle esigenze e ai requisiti per una detenzione degli animali adeguata alla specie.<\/p>\n<\/div>\n\n\n\n<div class=\"wp-block-media-text alignwide is-stacked-on-mobile is-vertically-aligned-center\"><figure class=\"wp-block-media-text__media\"><img loading=\"lazy\" decoding=\"async\" width=\"1024\" height=\"686\" src=\"http:\/\/tierschutz.com\/app\/uploads\/2023\/05\/sts-private-huehnerhaltung-draussen-1024x686.jpg\" alt=\"\" class=\"wp-image-488 size-full\" srcset=\"https:\/\/sts-psa.ch\/app\/uploads\/2023\/05\/sts-private-huehnerhaltung-draussen-1024x686.jpg 1024w, https:\/\/sts-psa.ch\/app\/uploads\/2023\/05\/sts-private-huehnerhaltung-draussen-300x201.jpg 300w, https:\/\/sts-psa.ch\/app\/uploads\/2023\/05\/sts-private-huehnerhaltung-draussen-768x514.jpg 768w, https:\/\/sts-psa.ch\/app\/uploads\/2023\/05\/sts-private-huehnerhaltung-draussen-1536x1029.jpg 1536w, https:\/\/sts-psa.ch\/app\/uploads\/2023\/05\/sts-private-huehnerhaltung-draussen-2048x1371.jpg 2048w\" sizes=\"auto, (max-width: 1024px) 100vw, 1024px\" \/><\/figure><div class=\"wp-block-media-text__content\">\n<div class=\"wp-block-group is-style-shadow-box has-background-background-color has-background is-layout-constrained wp-block-group-is-layout-constrained\">\n<p>A tale scopo, la Protezione Svizzera degli Animali PSA, insieme all&#8217;Ufficio federale della sicurezza alimentare e di veterinaria (USAV), ha creato un sito web orientato alla pratica che riassume tutte le informazioni importanti e i suggerimenti per la detenzione privata di polli.<\/p>\n\n\n\n<p>Anche se siete dei detentori o delle detentrici esperti\/e di polli, in questa pagina trovate indicazioni utili su come prendervi cura al meglio dei vostri polli.<\/p>\n\n\n\n<p>Richiamate subito la guida PSA per la detenzione di polli adatta alla specie.<\/p>\n\n\n\n<div class=\"wp-block-buttons is-layout-flex wp-block-buttons-is-layout-flex\">\n<div class=\"wp-block-button\"><a class=\"wp-block-button__link wp-element-button\" href=\"https:\/\/www.conoscoimieipolli.ch\/\" target=\"_blank\" rel=\"noreferrer noopener\">Al sito web<\/a><\/div>\n<\/div>\n<\/div>\n<\/div><\/div>\n","protected":false},"excerpt":{"rendered":"<p>Detenzione privata di polli \u2013 Gli aspetti pi\u00f9 importanti in breve&nbsp; La detenzione privata di polli \u00e8 molto popolare in [&hellip;]<\/p>\n","protected":false},"featured_media":663,"template":"single-project","meta":{"_acf_changed":false,"inline_featured_image":false,"_vp_format_video_url":"","_vp_image_focal_point":[],"footnotes":""},"project-category":[131],"class_list":["post-6082","project","type-project","status-publish","has-post-thumbnail","hentry","project-category-argomenti-di-interesse"],"acf":[],"yoast_head":"<!-- This site is optimized with the Yoast SEO Premium plugin v27.4 (Yoast SEO v27.4) - https:\/\/yoast.com\/product\/yoast-seo-premium-wordpress\/ -->\n<title>Detenzione privata di polli - Schweizer Tierschutz STS<\/title>\n<meta name=\"description\" content=\"Der Schutz und das Wohl von Tieren liegt uns am Herzen. Informieren Sie sich hier \u00fcber die Tierschutzprojekte.\" \/>\n<meta name=\"robots\" content=\"index, follow, max-snippet:-1, max-image-preview:large, max-video-preview:-1\" \/>\n<link rel=\"canonical\" href=\"https:\/\/sts-psa.ch\/it\/project\/detenzione-privata-di-polli\/\" \/>\n<meta property=\"og:locale\" content=\"it_IT\" \/>\n<meta property=\"og:type\" content=\"article\" \/>\n<meta property=\"og:title\" content=\"Detenzione privata di polli\" \/>\n<meta property=\"og:description\" content=\"Der Schutz und das Wohl von Tieren liegt uns am Herzen. Informieren Sie sich hier \u00fcber die Tierschutzprojekte.\" \/>\n<meta property=\"og:url\" content=\"https:\/\/sts-psa.ch\/it\/project\/detenzione-privata-di-polli\/\" \/>\n<meta property=\"og:site_name\" content=\"Protezione Svizzera degli Animali PSA\" \/>\n<meta property=\"article:publisher\" content=\"https:\/\/www.facebook.com\/schweizertierschutz\/\" \/>\n<meta property=\"article:modified_time\" content=\"2023-06-28T15:21:12+00:00\" \/>\n<meta property=\"og:image\" content=\"https:\/\/tierschutz.com\/app\/uploads\/2023\/05\/sts-private-huehnerhaltung-draussen-scaled.jpg\" \/>\n\t<meta property=\"og:image:width\" content=\"2560\" \/>\n\t<meta property=\"og:image:height\" content=\"1714\" \/>\n\t<meta property=\"og:image:type\" content=\"image\/jpeg\" \/>\n<meta name=\"twitter:card\" content=\"summary_large_image\" \/>\n<meta name=\"twitter:label1\" content=\"Tempo di lettura stimato\" \/>\n\t<meta name=\"twitter:data1\" content=\"1 minuto\" \/>\n<script type=\"application\/ld+json\" class=\"yoast-schema-graph\">{\"@context\":\"https:\\\/\\\/schema.org\",\"@graph\":[{\"@type\":[\"WebPage\",\"ItemPage\"],\"@id\":\"https:\\\/\\\/sts-psa.ch\\\/it\\\/project\\\/detenzione-privata-di-polli\\\/\",\"url\":\"https:\\\/\\\/sts-psa.ch\\\/it\\\/project\\\/detenzione-privata-di-polli\\\/\",\"name\":\"Detenzione privata di polli - Schweizer Tierschutz STS\",\"isPartOf\":{\"@id\":\"https:\\\/\\\/tierschutz.com\\\/it\\\/#website\"},\"primaryImageOfPage\":{\"@id\":\"https:\\\/\\\/sts-psa.ch\\\/it\\\/project\\\/detenzione-privata-di-polli\\\/#primaryimage\"},\"image\":{\"@id\":\"https:\\\/\\\/sts-psa.ch\\\/it\\\/project\\\/detenzione-privata-di-polli\\\/#primaryimage\"},\"thumbnailUrl\":\"https:\\\/\\\/sts-psa.ch\\\/app\\\/uploads\\\/2023\\\/05\\\/sts-private-huehnerhaltung-draussen-scaled.jpg\",\"datePublished\":\"2023-05-31T12:31:20+00:00\",\"dateModified\":\"2023-06-28T15:21:12+00:00\",\"description\":\"Der Schutz und das Wohl von Tieren liegt uns am Herzen. Informieren Sie sich hier \u00fcber die Tierschutzprojekte.\",\"breadcrumb\":{\"@id\":\"https:\\\/\\\/sts-psa.ch\\\/it\\\/project\\\/detenzione-privata-di-polli\\\/#breadcrumb\"},\"inLanguage\":\"it-IT\",\"potentialAction\":[{\"@type\":\"ReadAction\",\"target\":[\"https:\\\/\\\/sts-psa.ch\\\/it\\\/project\\\/detenzione-privata-di-polli\\\/\"]}]},{\"@type\":\"ImageObject\",\"inLanguage\":\"it-IT\",\"@id\":\"https:\\\/\\\/sts-psa.ch\\\/it\\\/project\\\/detenzione-privata-di-polli\\\/#primaryimage\",\"url\":\"https:\\\/\\\/sts-psa.ch\\\/app\\\/uploads\\\/2023\\\/05\\\/sts-private-huehnerhaltung-draussen-scaled.jpg\",\"contentUrl\":\"https:\\\/\\\/sts-psa.ch\\\/app\\\/uploads\\\/2023\\\/05\\\/sts-private-huehnerhaltung-draussen-scaled.jpg\",\"width\":2560,\"height\":1714,\"caption\":\"CREATOR: gd-jpeg v1.0 (using IJG JPEG v62), quality = 80\"},{\"@type\":\"BreadcrumbList\",\"@id\":\"https:\\\/\\\/sts-psa.ch\\\/it\\\/project\\\/detenzione-privata-di-polli\\\/#breadcrumb\",\"itemListElement\":[{\"@type\":\"ListItem\",\"position\":1,\"name\":\"Pagina iniziale\",\"item\":\"https:\\\/\\\/tierschutz.com\\\/it\\\/\"},{\"@type\":\"ListItem\",\"position\":2,\"name\":\"Projekte\",\"item\":\"https:\\\/\\\/sts-psa.ch\\\/it\\\/project\\\/\"},{\"@type\":\"ListItem\",\"position\":3,\"name\":\"Detenzione privata di polli\"}]},{\"@type\":\"WebSite\",\"@id\":\"https:\\\/\\\/tierschutz.com\\\/it\\\/#website\",\"url\":\"https:\\\/\\\/tierschutz.com\\\/it\\\/\",\"name\":\"tierschutz.com\",\"description\":\"Wir setzen uns f\u00fcr das Wohl der Tiere ein.\",\"publisher\":{\"@id\":\"https:\\\/\\\/tierschutz.com\\\/it\\\/#organization\"},\"alternateName\":\"Schweizer Tierschutz STS\",\"potentialAction\":[{\"@type\":\"SearchAction\",\"target\":{\"@type\":\"EntryPoint\",\"urlTemplate\":\"https:\\\/\\\/tierschutz.com\\\/it\\\/?s={search_term_string}\"},\"query-input\":{\"@type\":\"PropertyValueSpecification\",\"valueRequired\":true,\"valueName\":\"search_term_string\"}}],\"inLanguage\":\"it-IT\"},{\"@type\":\"Organization\",\"@id\":\"https:\\\/\\\/tierschutz.com\\\/it\\\/#organization\",\"name\":\"Schweizer Tierschutz STS\",\"alternateName\":\"STS\",\"url\":\"https:\\\/\\\/tierschutz.com\\\/it\\\/\",\"logo\":{\"@type\":\"ImageObject\",\"inLanguage\":\"it-IT\",\"@id\":\"https:\\\/\\\/tierschutz.com\\\/it\\\/#\\\/schema\\\/logo\\\/image\\\/\",\"url\":\"https:\\\/\\\/sts-psa.ch\\\/app\\\/uploads\\\/2024\\\/04\\\/logo-schweizer-tierschutz-sts-1.svg\",\"contentUrl\":\"https:\\\/\\\/sts-psa.ch\\\/app\\\/uploads\\\/2024\\\/04\\\/logo-schweizer-tierschutz-sts-1.svg\",\"caption\":\"Schweizer Tierschutz STS\"},\"image\":{\"@id\":\"https:\\\/\\\/tierschutz.com\\\/it\\\/#\\\/schema\\\/logo\\\/image\\\/\"},\"sameAs\":[\"https:\\\/\\\/www.facebook.com\\\/schweizertierschutz\\\/\",\"https:\\\/\\\/www.instagram.com\\\/schweizertierschutzsts\\\/\",\"https:\\\/\\\/www.youtube.com\\\/@STS_Tierschutz\",\"https:\\\/\\\/www.linkedin.com\\\/company\\\/schweizertierschutzsts\\\/\"],\"description\":\"Der Schweizer Tierschutz STS ist der Dachverband von 71 Tierschutzorganisationen in allen Sprachregionen der Schweiz und in Liechtenstein. Seine Mitarbeitenden leisten wissenschaftlich fundierte Grundlagenarbeit, setzen sich mit Projekten und Aktionen f\u00fcr den Schutz und das Wohlbefinden von Heim-, Wild-, Nutz- und Versuchstieren ein und sensibilisieren die \u00d6ffentlichkeit f\u00fcr Tierschutzthemen.\",\"email\":\"sts@tierschutz.com\",\"telephone\":\"061 365 99 99\",\"legalName\":\"Schweizer Tierschutz STS\"}]}<\/script>\n<!-- \/ Yoast SEO Premium plugin. -->","yoast_head_json":{"title":"Detenzione privata di polli - Schweizer Tierschutz STS","description":"Der Schutz und das Wohl von Tieren liegt uns am Herzen. Informieren Sie sich hier \u00fcber die Tierschutzprojekte.","robots":{"index":"index","follow":"follow","max-snippet":"max-snippet:-1","max-image-preview":"max-image-preview:large","max-video-preview":"max-video-preview:-1"},"canonical":"https:\/\/sts-psa.ch\/it\/project\/detenzione-privata-di-polli\/","og_locale":"it_IT","og_type":"article","og_title":"Detenzione privata di polli","og_description":"Der Schutz und das Wohl von Tieren liegt uns am Herzen. Informieren Sie sich hier \u00fcber die Tierschutzprojekte.","og_url":"https:\/\/sts-psa.ch\/it\/project\/detenzione-privata-di-polli\/","og_site_name":"Protezione Svizzera degli Animali PSA","article_publisher":"https:\/\/www.facebook.com\/schweizertierschutz\/","article_modified_time":"2023-06-28T15:21:12+00:00","og_image":[{"width":2560,"height":1714,"url":"https:\/\/tierschutz.com\/app\/uploads\/2023\/05\/sts-private-huehnerhaltung-draussen-scaled.jpg","type":"image\/jpeg"}],"twitter_card":"summary_large_image","twitter_misc":{"Tempo di lettura stimato":"1 minuto"},"schema":{"@context":"https:\/\/schema.org","@graph":[{"@type":["WebPage","ItemPage"],"@id":"https:\/\/sts-psa.ch\/it\/project\/detenzione-privata-di-polli\/","url":"https:\/\/sts-psa.ch\/it\/project\/detenzione-privata-di-polli\/","name":"Detenzione privata di polli - Schweizer Tierschutz STS","isPartOf":{"@id":"https:\/\/tierschutz.com\/it\/#website"},"primaryImageOfPage":{"@id":"https:\/\/sts-psa.ch\/it\/project\/detenzione-privata-di-polli\/#primaryimage"},"image":{"@id":"https:\/\/sts-psa.ch\/it\/project\/detenzione-privata-di-polli\/#primaryimage"},"thumbnailUrl":"https:\/\/sts-psa.ch\/app\/uploads\/2023\/05\/sts-private-huehnerhaltung-draussen-scaled.jpg","datePublished":"2023-05-31T12:31:20+00:00","dateModified":"2023-06-28T15:21:12+00:00","description":"Der Schutz und das Wohl von Tieren liegt uns am Herzen. Informieren Sie sich hier \u00fcber die Tierschutzprojekte.","breadcrumb":{"@id":"https:\/\/sts-psa.ch\/it\/project\/detenzione-privata-di-polli\/#breadcrumb"},"inLanguage":"it-IT","potentialAction":[{"@type":"ReadAction","target":["https:\/\/sts-psa.ch\/it\/project\/detenzione-privata-di-polli\/"]}]},{"@type":"ImageObject","inLanguage":"it-IT","@id":"https:\/\/sts-psa.ch\/it\/project\/detenzione-privata-di-polli\/#primaryimage","url":"https:\/\/sts-psa.ch\/app\/uploads\/2023\/05\/sts-private-huehnerhaltung-draussen-scaled.jpg","contentUrl":"https:\/\/sts-psa.ch\/app\/uploads\/2023\/05\/sts-private-huehnerhaltung-draussen-scaled.jpg","width":2560,"height":1714,"caption":"CREATOR: gd-jpeg v1.0 (using IJG JPEG v62), quality = 80"},{"@type":"BreadcrumbList","@id":"https:\/\/sts-psa.ch\/it\/project\/detenzione-privata-di-polli\/#breadcrumb","itemListElement":[{"@type":"ListItem","position":1,"name":"Pagina iniziale","item":"https:\/\/tierschutz.com\/it\/"},{"@type":"ListItem","position":2,"name":"Projekte","item":"https:\/\/sts-psa.ch\/it\/project\/"},{"@type":"ListItem","position":3,"name":"Detenzione privata di polli"}]},{"@type":"WebSite","@id":"https:\/\/tierschutz.com\/it\/#website","url":"https:\/\/tierschutz.com\/it\/","name":"tierschutz.com","description":"Wir setzen uns f\u00fcr das Wohl der Tiere ein.","publisher":{"@id":"https:\/\/tierschutz.com\/it\/#organization"},"alternateName":"Schweizer Tierschutz STS","potentialAction":[{"@type":"SearchAction","target":{"@type":"EntryPoint","urlTemplate":"https:\/\/tierschutz.com\/it\/?s={search_term_string}"},"query-input":{"@type":"PropertyValueSpecification","valueRequired":true,"valueName":"search_term_string"}}],"inLanguage":"it-IT"},{"@type":"Organization","@id":"https:\/\/tierschutz.com\/it\/#organization","name":"Schweizer Tierschutz STS","alternateName":"STS","url":"https:\/\/tierschutz.com\/it\/","logo":{"@type":"ImageObject","inLanguage":"it-IT","@id":"https:\/\/tierschutz.com\/it\/#\/schema\/logo\/image\/","url":"https:\/\/sts-psa.ch\/app\/uploads\/2024\/04\/logo-schweizer-tierschutz-sts-1.svg","contentUrl":"https:\/\/sts-psa.ch\/app\/uploads\/2024\/04\/logo-schweizer-tierschutz-sts-1.svg","caption":"Schweizer Tierschutz STS"},"image":{"@id":"https:\/\/tierschutz.com\/it\/#\/schema\/logo\/image\/"},"sameAs":["https:\/\/www.facebook.com\/schweizertierschutz\/","https:\/\/www.instagram.com\/schweizertierschutzsts\/","https:\/\/www.youtube.com\/@STS_Tierschutz","https:\/\/www.linkedin.com\/company\/schweizertierschutzsts\/"],"description":"Der Schweizer Tierschutz STS ist der Dachverband von 71 Tierschutzorganisationen in allen Sprachregionen der Schweiz und in Liechtenstein. Seine Mitarbeitenden leisten wissenschaftlich fundierte Grundlagenarbeit, setzen sich mit Projekten und Aktionen f\u00fcr den Schutz und das Wohlbefinden von Heim-, Wild-, Nutz- und Versuchstieren ein und sensibilisieren die \u00d6ffentlichkeit f\u00fcr Tierschutzthemen.","email":"sts@tierschutz.com","telephone":"061 365 99 99","legalName":"Schweizer Tierschutz STS"}]}},"_links":{"self":[{"href":"https:\/\/sts-psa.ch\/it\/wp-json\/wp\/v2\/project\/6082","targetHints":{"allow":["GET"]}}],"collection":[{"href":"https:\/\/sts-psa.ch\/it\/wp-json\/wp\/v2\/project"}],"about":[{"href":"https:\/\/sts-psa.ch\/it\/wp-json\/wp\/v2\/types\/project"}],"version-history":[{"count":2,"href":"https:\/\/sts-psa.ch\/it\/wp-json\/wp\/v2\/project\/6082\/revisions"}],"predecessor-version":[{"id":7091,"href":"https:\/\/sts-psa.ch\/it\/wp-json\/wp\/v2\/project\/6082\/revisions\/7091"}],"wp:featuredmedia":[{"embeddable":true,"href":"https:\/\/sts-psa.ch\/it\/wp-json\/wp\/v2\/media\/663"}],"wp:attachment":[{"href":"https:\/\/sts-psa.ch\/it\/wp-json\/wp\/v2\/media?parent=6082"}],"wp:term":[{"taxonomy":"project-category","embeddable":true,"href":"https:\/\/sts-psa.ch\/it\/wp-json\/wp\/v2\/project-category?post=6082"}],"curies":[{"name":"wp","href":"https:\/\/api.w.org\/{rel}","templated":true}]}}